{"id":33829,"date":"2023-01-24T09:37:38","date_gmt":"2023-01-24T08:37:38","guid":{"rendered":"https:\/\/www.axfoundation.se\/?post_type=staff&#038;p=33829"},"modified":"2024-08-12T09:57:01","modified_gmt":"2024-08-12T07:57:01","slug":"sofia-lundvall","status":"publish","type":"staff","link":"https:\/\/www.axfoundation.se\/en\/staff\/sofia-lundvall","title":{"rendered":"Sofia Lundvall"},"content":{"rendered":"<p>Sofia has a background in meal ecology and multiple years of work experience as an employee at systembolaget as well as within the restaurant business. During her studies, her interest grew for what&#8217;s known as sensory evaluation &#8211; the food&#8217;s impact on our senses. Since then, Sofia has worked with sensory evaluation in a number of projects analyzing, developing and exploring the gastronomic potential of Swedish raw products.&nbsp;<\/p>\n<p>As a chef and meal coordinator, Sofia is responsible for the planning and execution of conference meals at Tors\u00e5ker Farm.<\/p>\n\n<section data-id=\"block_704fce6a51f3b7e0e176bc184a6c6828\" class=\"slider   align  \"  data-heading=\"Initiativ p\u00e5 Tors\u00e5ker g\u00e5rd\" >\n      <h2 class=\"slider__heading heading\">Initiativ p\u00e5 Tors\u00e5ker g\u00e5rd<\/h2>\n        <div class=\"slider__container\">\n\n              <div class=\"slider__controls\">\n          <button class=\"button slider__control slider__control--left\" aria-label=\"Scroll left\"><\/button>\n          <button class=\"button slider__control slider__control--right\" aria-label=\"Scroll right\"><\/button>\n        <\/div>\n      \n      <ul class=\"slider__tabs\">\n                              <li class=\"slider__tab  slider__tab--active \" data-tab=\"Ongoing projects\">\n              <a href=\"#\">Ongoing projects<\/a>\n            <\/li>\n                      <li class=\"slider__tab \" data-tab=\"Earlier projects\">\n              <a href=\"#\">Earlier projects<\/a>\n            <\/li>\n                        <\/ul>\n\n                        <ul class=\"slider__items slider__items--ongoing\"  aria-hidden=\"false\"  data-slider=\"Ongoing projects\" data-json=\"{&quot;suppress_filters&quot;:false,&quot;numberposts&quot;:20,&quot;post_type&quot;:&quot;project&quot;,&quot;tax_query&quot;:[{&quot;taxonomy&quot;:&quot;project_status&quot;,&quot;field&quot;:&quot;term_id&quot;,&quot;terms&quot;:231,&quot;operator&quot;:&quot;IN&quot;},{&quot;taxonomy&quot;:&quot;post_tag&quot;,&quot;field&quot;:&quot;term_id&quot;,&quot;terms&quot;:[319,1150],&quot;operator&quot;:&quot;IN&quot;}],&quot;post__not_in&quot;:[33829]}\">\n                          <li class=\"slider__item spotlight spotlight--small\">\n                <div class=\"spotlight__content  \">\n  <a href=\"https:\/\/www.axfoundation.se\/en\/projects\/feed-of-the-future\">\n          <img decoding=\"async\" src=\"https:\/\/ax-images.b-cdn.net\/uploads\/2023\/04\/Framtidens-foder-Axfoundation-2-2-50x50.jpg\" data-srcset=\"https:\/\/ax-images.b-cdn.net\/uploads\/2023\/04\/Framtidens-foder-Axfoundation-2-2-800x800.jpg 800w, https:\/\/ax-images.b-cdn.net\/uploads\/2023\/04\/Framtidens-foder-Axfoundation-2-2-300x300.jpg 300w, https:\/\/ax-images.b-cdn.net\/uploads\/2023\/04\/Framtidens-foder-Axfoundation-2-2-1024x1024.jpg 1024w, https:\/\/ax-images.b-cdn.net\/uploads\/2023\/04\/Framtidens-foder-Axfoundation-2-2-150x150.jpg 150w, https:\/\/ax-images.b-cdn.net\/uploads\/2023\/04\/Framtidens-foder-Axfoundation-2-2-768x768.jpg 768w, https:\/\/ax-images.b-cdn.net\/uploads\/2023\/04\/Framtidens-foder-Axfoundation-2-2-1536x1536.jpg 1536w, https:\/\/ax-images.b-cdn.net\/uploads\/2023\/04\/Framtidens-foder-Axfoundation-2-2-50x50.jpg 50w, https:\/\/ax-images.b-cdn.net\/uploads\/2023\/04\/Framtidens-foder-Axfoundation-2-2.jpg 1944w\" data-src=\"https:\/\/ax-images.b-cdn.net\/uploads\/2023\/04\/Framtidens-foder-Axfoundation-2-2-800x800.jpg\" alt=\"The Feed of the Future for Fish, Pigs, Poultry and Laying hens\">\n    \n    <h4 class=\"spotlight__title \">\n      \n      The Feed of the Future for Fish, Pigs, Poultry and Laying hens\n\n    <\/h4>\n  <\/a>\n\n  \n  \n  \n    <ul class=\"spotlight__tags\">\n\n                <li>\n                          <a href=\"https:\/\/www.axfoundation.se\/en\/program\/future-food\" class=\"link-text--tag\">Future Food<\/a>\n                      <\/li>\n\n          <\/ul>\n\n  \n<\/div>\n              <\/li>\n                          <li class=\"slider__item spotlight spotlight--small\">\n                <div class=\"spotlight__content  \">\n  <a href=\"https:\/\/www.axfoundation.se\/en\/projects\/the-mineral-shift-bioavailability\">\n          <img decoding=\"async\" src=\"https:\/\/ax-images.b-cdn.net\/uploads\/2023\/09\/Mineralskiftet_Spannmal_1080x1080-50x50.jpg\" data-srcset=\"https:\/\/ax-images.b-cdn.net\/uploads\/2023\/09\/Mineralskiftet_Spannmal_1080x1080-800x800.jpg 800w, https:\/\/ax-images.b-cdn.net\/uploads\/2023\/09\/Mineralskiftet_Spannmal_1080x1080-300x300.jpg 300w, https:\/\/ax-images.b-cdn.net\/uploads\/2023\/09\/Mineralskiftet_Spannmal_1080x1080-1024x1024.jpg 1024w, https:\/\/ax-images.b-cdn.net\/uploads\/2023\/09\/Mineralskiftet_Spannmal_1080x1080-150x150.jpg 150w, https:\/\/ax-images.b-cdn.net\/uploads\/2023\/09\/Mineralskiftet_Spannmal_1080x1080-768x768.jpg 768w, https:\/\/ax-images.b-cdn.net\/uploads\/2023\/09\/Mineralskiftet_Spannmal_1080x1080-50x50.jpg 50w, https:\/\/ax-images.b-cdn.net\/uploads\/2023\/09\/Mineralskiftet_Spannmal_1080x1080.jpg 1080w\" data-src=\"https:\/\/ax-images.b-cdn.net\/uploads\/2023\/09\/Mineralskiftet_Spannmal_1080x1080-800x800.jpg\" alt=\"The Mineral Shift \u2013 How To Increase Bioavailability in Grain Products\">\n    \n    <h4 class=\"spotlight__title \">\n      \n      The Mineral Shift \u2013 How To Increase Bioavailability in Grain Products\n\n    <\/h4>\n  <\/a>\n\n  \n  \n  \n    <ul class=\"spotlight__tags\">\n\n                <li>\n                          <a href=\"https:\/\/www.axfoundation.se\/en\/program\/future-food\" class=\"link-text--tag\">Future Food<\/a>\n                      <\/li>\n\n          <\/ul>\n\n  \n<\/div>\n              <\/li>\n                          <li class=\"slider__item spotlight spotlight--small\">\n                <div class=\"spotlight__content  \">\n  <a href=\"https:\/\/www.axfoundation.se\/en\/projects\/hemp-carbon-sequestration\">\n          <img decoding=\"async\" src=\"https:\/\/ax-images.b-cdn.net\/uploads\/2023\/04\/2022-07-06-58-1080x1080-1-50x50.jpg\" data-srcset=\"https:\/\/ax-images.b-cdn.net\/uploads\/2023\/04\/2022-07-06-58-1080x1080-1-800x800.jpg 800w, https:\/\/ax-images.b-cdn.net\/uploads\/2023\/04\/2022-07-06-58-1080x1080-1-300x300.jpg 300w, https:\/\/ax-images.b-cdn.net\/uploads\/2023\/04\/2022-07-06-58-1080x1080-1-1024x1024.jpg 1024w, https:\/\/ax-images.b-cdn.net\/uploads\/2023\/04\/2022-07-06-58-1080x1080-1-150x150.jpg 150w, https:\/\/ax-images.b-cdn.net\/uploads\/2023\/04\/2022-07-06-58-1080x1080-1-768x768.jpg 768w, https:\/\/ax-images.b-cdn.net\/uploads\/2023\/04\/2022-07-06-58-1080x1080-1-50x50.jpg 50w, https:\/\/ax-images.b-cdn.net\/uploads\/2023\/04\/2022-07-06-58-1080x1080-1.jpg 1080w\" data-src=\"https:\/\/ax-images.b-cdn.net\/uploads\/2023\/04\/2022-07-06-58-1080x1080-1-800x800.jpg\" alt=\"Hemp \u2013 A Nutritious Crop That Stores Carbon\">\n    \n    <h4 class=\"spotlight__title \">\n      \n      Hemp \u2013 A Nutritious Crop That Stores Carbon\n\n    <\/h4>\n  <\/a>\n\n  \n  \n  \n    <ul class=\"spotlight__tags\">\n\n                <li>\n                      <\/li>\n\n                <li>\n                          <a href=\"https:\/\/www.axfoundation.se\/en\/program\/future-food\" class=\"link-text--tag\">Future Food<\/a>\n                      <\/li>\n\n                <li>\n                          <a href=\"https:\/\/www.axfoundation.se\/en\/program\/future-materials\" class=\"link-text--tag\">Future Materials<\/a>\n                      <\/li>\n\n          <\/ul>\n\n  \n<\/div>\n              <\/li>\n                          <li class=\"slider__item spotlight spotlight--small\">\n                <div class=\"spotlight__content  \">\n  <a href=\"https:\/\/www.axfoundation.se\/en\/projects\/perennial-wheat-kernza\">\n          <img decoding=\"async\" src=\"https:\/\/ax-images.b-cdn.net\/uploads\/2019\/10\/Lampa_Axfoundation_Kernza_Torsaker_2019_1000x1000-50x50.jpg\" data-srcset=\"https:\/\/ax-images.b-cdn.net\/uploads\/2019\/10\/Lampa_Axfoundation_Kernza_Torsaker_2019_1000x1000-800x800.jpg 800w, https:\/\/ax-images.b-cdn.net\/uploads\/2019\/10\/Lampa_Axfoundation_Kernza_Torsaker_2019_1000x1000-150x150.jpg 150w, https:\/\/ax-images.b-cdn.net\/uploads\/2019\/10\/Lampa_Axfoundation_Kernza_Torsaker_2019_1000x1000-300x300.jpg 300w, https:\/\/ax-images.b-cdn.net\/uploads\/2019\/10\/Lampa_Axfoundation_Kernza_Torsaker_2019_1000x1000-768x768.jpg 768w, https:\/\/ax-images.b-cdn.net\/uploads\/2019\/10\/Lampa_Axfoundation_Kernza_Torsaker_2019_1000x1000-50x50.jpg 50w, https:\/\/ax-images.b-cdn.net\/uploads\/2019\/10\/Lampa_Axfoundation_Kernza_Torsaker_2019_1000x1000.jpg 999w\" data-src=\"https:\/\/ax-images.b-cdn.net\/uploads\/2019\/10\/Lampa_Axfoundation_Kernza_Torsaker_2019_1000x1000-800x800.jpg\" alt=\"Perennial Wheat \u2013  An Agricultural Revolution\">\n    \n    <h4 class=\"spotlight__title \">\n      \n      Perennial Wheat \u2013  An Agricultural Revolution\n\n    <\/h4>\n  <\/a>\n\n  \n  \n  \n    <ul class=\"spotlight__tags\">\n\n                <li>\n                          <a href=\"https:\/\/www.axfoundation.se\/en\/program\/future-food\" class=\"link-text--tag\">Future Food<\/a>\n                      <\/li>\n\n          <\/ul>\n\n  \n<\/div>\n              <\/li>\n                      <\/ul>\n                  <ul class=\"slider__items slider__items--ongoing\"  aria-hidden=\"true\"  data-slider=\"Earlier projects\" data-json=\"{&quot;suppress_filters&quot;:false,&quot;numberposts&quot;:20,&quot;post_type&quot;:&quot;project&quot;,&quot;tax_query&quot;:[{&quot;taxonomy&quot;:&quot;project_status&quot;,&quot;field&quot;:&quot;term_id&quot;,&quot;terms&quot;:230,&quot;operator&quot;:&quot;IN&quot;},{&quot;taxonomy&quot;:&quot;post_tag&quot;,&quot;field&quot;:&quot;term_id&quot;,&quot;terms&quot;:[319,1150],&quot;operator&quot;:&quot;IN&quot;}],&quot;post__not_in&quot;:[33829]}\">\n                          <li class=\"slider__item spotlight spotlight--small\">\n                <div class=\"spotlight__content  \">\n  <a href=\"https:\/\/www.axfoundation.se\/en\/projects\/the-swedish-wool-initiative\">\n          <img decoding=\"async\" src=\"https:\/\/ax-images.b-cdn.net\/uploads\/2021\/01\/BWC-9744-1080x1080-1-50x50.jpg\" data-srcset=\"https:\/\/ax-images.b-cdn.net\/uploads\/2021\/01\/BWC-9744-1080x1080-1-800x800.jpg 800w, https:\/\/ax-images.b-cdn.net\/uploads\/2021\/01\/BWC-9744-1080x1080-1-300x300.jpg 300w, https:\/\/ax-images.b-cdn.net\/uploads\/2021\/01\/BWC-9744-1080x1080-1-1024x1024.jpg 1024w, https:\/\/ax-images.b-cdn.net\/uploads\/2021\/01\/BWC-9744-1080x1080-1-150x150.jpg 150w, https:\/\/ax-images.b-cdn.net\/uploads\/2021\/01\/BWC-9744-1080x1080-1-768x768.jpg 768w, https:\/\/ax-images.b-cdn.net\/uploads\/2021\/01\/BWC-9744-1080x1080-1-50x50.jpg 50w, https:\/\/ax-images.b-cdn.net\/uploads\/2021\/01\/BWC-9744-1080x1080-1.jpg 1080w\" data-src=\"https:\/\/ax-images.b-cdn.net\/uploads\/2021\/01\/BWC-9744-1080x1080-1-800x800.jpg\" alt=\"The Swedish Wool Initiative \u2013 Industrial-Scale Utilization of Swedish Wool\">\n    \n    <h4 class=\"spotlight__title \">\n      \n      The Swedish Wool Initiative \u2013 Industrial-Scale Utilization of Swedish Wool\n\n    <\/h4>\n  <\/a>\n\n  \n  \n  \n    <ul class=\"spotlight__tags\">\n\n                <li>\n                          <a href=\"https:\/\/www.axfoundation.se\/en\/program\/future-materials\" class=\"link-text--tag\">Future Materials<\/a>\n                      <\/li>\n\n          <\/ul>\n\n  \n<\/div>\n              <\/li>\n                      <\/ul>\n                  <\/div>\n  <\/section>\n","protected":false},"featured_media":36828,"template":"","staff_taxonomy":[19],"acf":[],"yoast_head":"<!-- This site is optimized with the Yoast SEO Premium plugin v24.5 (Yoast SEO v24.5) - https:\/\/yoast.com\/wordpress\/plugins\/seo\/ -->\n<title>Sofia Lundvall - Axfoundation<\/title>\n<meta name=\"description\" content=\"As a chef and meal coordinator, Sofia is responsible for the planning and execution of conference meals at Tors\u00e5ker Farm.\" \/>\n<meta name=\"robots\" content=\"index, follow, max-snippet:-1, max-image-preview:large, max-video-preview:-1\" \/>\n<link rel=\"canonical\" href=\"https:\/\/www.axfoundation.se\/en\/staff\/sofia-lundvall\" \/>\n<meta property=\"og:locale\" content=\"en_US\" \/>\n<meta property=\"og:type\" content=\"article\" \/>\n<meta property=\"og:title\" content=\"Sofia Lundvall\" \/>\n<meta property=\"og:description\" content=\"As a chef and meal coordinator, Sofia is responsible for the planning and execution of conference meals at Tors\u00e5ker Farm.\" \/>\n<meta property=\"og:url\" content=\"https:\/\/www.axfoundation.se\/en\/staff\/sofia-lundvall\" \/>\n<meta property=\"og:site_name\" content=\"Axfoundation\" \/>\n<meta property=\"article:publisher\" content=\"https:\/\/www.facebook.com\/Axfoundation\/\" \/>\n<meta property=\"article:modified_time\" content=\"2024-08-12T07:57:01+00:00\" \/>\n<meta property=\"og:image\" content=\"https:\/\/ax-images.b-cdn.net\/uploads\/2023\/01\/Sofia-kock2-1.jpg\" \/>\n\t<meta property=\"og:image:width\" content=\"1700\" \/>\n\t<meta property=\"og:image:height\" content=\"2380\" \/>\n\t<meta property=\"og:image:type\" content=\"image\/jpeg\" \/>\n<meta name=\"twitter:card\" content=\"summary_large_image\" \/>\n<meta name=\"twitter:site\" content=\"@axfoundation\" \/>\n<meta name=\"twitter:label1\" content=\"Est. reading time\" \/>\n\t<meta name=\"twitter:data1\" content=\"1 minute\" \/>\n<script type=\"application\/ld+json\" class=\"yoast-schema-graph\">{\"@context\":\"https:\/\/schema.org\",\"@graph\":[{\"@type\":\"WebPage\",\"@id\":\"https:\/\/www.axfoundation.se\/en\/staff\/sofia-lundvall\",\"url\":\"https:\/\/www.axfoundation.se\/en\/staff\/sofia-lundvall\",\"name\":\"Sofia Lundvall - Axfoundation\",\"isPartOf\":{\"@id\":\"https:\/\/www.axfoundation.se\/#website\"},\"primaryImageOfPage\":{\"@id\":\"https:\/\/www.axfoundation.se\/en\/staff\/sofia-lundvall#primaryimage\"},\"image\":{\"@id\":\"https:\/\/www.axfoundation.se\/en\/staff\/sofia-lundvall#primaryimage\"},\"thumbnailUrl\":\"https:\/\/ax-images.b-cdn.net\/uploads\/2022\/06\/SofiaLundvall_MR.jpg\",\"datePublished\":\"2023-01-24T08:37:38+00:00\",\"dateModified\":\"2024-08-12T07:57:01+00:00\",\"description\":\"As a chef and meal coordinator, Sofia is responsible for the planning and execution of conference meals at Tors\u00e5ker Farm.\",\"breadcrumb\":{\"@id\":\"https:\/\/www.axfoundation.se\/en\/staff\/sofia-lundvall#breadcrumb\"},\"inLanguage\":\"en-US\",\"potentialAction\":[{\"@type\":\"ReadAction\",\"target\":[\"https:\/\/www.axfoundation.se\/en\/staff\/sofia-lundvall\"]}]},{\"@type\":\"ImageObject\",\"inLanguage\":\"en-US\",\"@id\":\"https:\/\/www.axfoundation.se\/en\/staff\/sofia-lundvall#primaryimage\",\"url\":\"https:\/\/ax-images.b-cdn.net\/uploads\/2022\/06\/SofiaLundvall_MR.jpg\",\"contentUrl\":\"https:\/\/ax-images.b-cdn.net\/uploads\/2022\/06\/SofiaLundvall_MR.jpg\",\"width\":1700,\"height\":2380,\"caption\":\"Sofia Lundvall \u2014 Kock och m\u00e5ltidskoordinator, Tors\u00e5ker g\u00e5rd Axfoundation\"},{\"@type\":\"BreadcrumbList\",\"@id\":\"https:\/\/www.axfoundation.se\/en\/staff\/sofia-lundvall#breadcrumb\",\"itemListElement\":[{\"@type\":\"ListItem\",\"position\":1,\"name\":\"Home\",\"item\":\"https:\/\/www.axfoundation.se\/en\"},{\"@type\":\"ListItem\",\"position\":2,\"name\":\"Staff\",\"item\":\"https:\/\/www.axfoundation.se\/en\/staff\"},{\"@type\":\"ListItem\",\"position\":3,\"name\":\"Sofia Lundvall\"}]},{\"@type\":\"WebSite\",\"@id\":\"https:\/\/www.axfoundation.se\/#website\",\"url\":\"https:\/\/www.axfoundation.se\/\",\"name\":\"Axfoundation\",\"description\":\"Axfoundation for Sustainable Development\",\"publisher\":{\"@id\":\"https:\/\/www.axfoundation.se\/#organization\"},\"potentialAction\":[{\"@type\":\"SearchAction\",\"target\":{\"@type\":\"EntryPoint\",\"urlTemplate\":\"https:\/\/www.axfoundation.se\/?s={search_term_string}\"},\"query-input\":{\"@type\":\"PropertyValueSpecification\",\"valueRequired\":true,\"valueName\":\"search_term_string\"}}],\"inLanguage\":\"en-US\"},{\"@type\":\"Organization\",\"@id\":\"https:\/\/www.axfoundation.se\/#organization\",\"name\":\"Axfoundation\",\"url\":\"https:\/\/www.axfoundation.se\/\",\"logo\":{\"@type\":\"ImageObject\",\"inLanguage\":\"en-US\",\"@id\":\"https:\/\/www.axfoundation.se\/#\/schema\/logo\/image\/\",\"url\":\"https:\/\/ax-images.b-cdn.net\/uploads\/2019\/10\/ax_logo_verk_pos.jpg\",\"contentUrl\":\"https:\/\/ax-images.b-cdn.net\/uploads\/2019\/10\/ax_logo_verk_pos.jpg\",\"width\":889,\"height\":507,\"caption\":\"Axfoundation\"},\"image\":{\"@id\":\"https:\/\/www.axfoundation.se\/#\/schema\/logo\/image\/\"},\"sameAs\":[\"https:\/\/www.facebook.com\/Axfoundation\/\",\"https:\/\/x.com\/axfoundation\",\"https:\/\/www.instagram.com\/axfoundation\/\",\"https:\/\/www.linkedin.com\/company\/axfoundation\",\"http:\/\/youtube.com\/axfoundation\"]}]}<\/script>\n<!-- \/ Yoast SEO Premium plugin. -->","yoast_head_json":{"title":"Sofia Lundvall - Axfoundation","description":"As a chef and meal coordinator, Sofia is responsible for the planning and execution of conference meals at Tors\u00e5ker Farm.","robots":{"index":"index","follow":"follow","max-snippet":"max-snippet:-1","max-image-preview":"max-image-preview:large","max-video-preview":"max-video-preview:-1"},"canonical":"https:\/\/www.axfoundation.se\/en\/staff\/sofia-lundvall","og_locale":"en_US","og_type":"article","og_title":"Sofia Lundvall","og_description":"As a chef and meal coordinator, Sofia is responsible for the planning and execution of conference meals at Tors\u00e5ker Farm.","og_url":"https:\/\/www.axfoundation.se\/en\/staff\/sofia-lundvall","og_site_name":"Axfoundation","article_publisher":"https:\/\/www.facebook.com\/Axfoundation\/","article_modified_time":"2024-08-12T07:57:01+00:00","og_image":[{"width":1700,"height":2380,"url":"https:\/\/ax-images.b-cdn.net\/uploads\/2023\/01\/Sofia-kock2-1.jpg","type":"image\/jpeg"}],"twitter_card":"summary_large_image","twitter_site":"@axfoundation","twitter_misc":{"Est. reading time":"1 minute"},"schema":{"@context":"https:\/\/schema.org","@graph":[{"@type":"WebPage","@id":"https:\/\/www.axfoundation.se\/en\/staff\/sofia-lundvall","url":"https:\/\/www.axfoundation.se\/en\/staff\/sofia-lundvall","name":"Sofia Lundvall - Axfoundation","isPartOf":{"@id":"https:\/\/www.axfoundation.se\/#website"},"primaryImageOfPage":{"@id":"https:\/\/www.axfoundation.se\/en\/staff\/sofia-lundvall#primaryimage"},"image":{"@id":"https:\/\/www.axfoundation.se\/en\/staff\/sofia-lundvall#primaryimage"},"thumbnailUrl":"https:\/\/ax-images.b-cdn.net\/uploads\/2022\/06\/SofiaLundvall_MR.jpg","datePublished":"2023-01-24T08:37:38+00:00","dateModified":"2024-08-12T07:57:01+00:00","description":"As a chef and meal coordinator, Sofia is responsible for the planning and execution of conference meals at Tors\u00e5ker Farm.","breadcrumb":{"@id":"https:\/\/www.axfoundation.se\/en\/staff\/sofia-lundvall#breadcrumb"},"inLanguage":"en-US","potentialAction":[{"@type":"ReadAction","target":["https:\/\/www.axfoundation.se\/en\/staff\/sofia-lundvall"]}]},{"@type":"ImageObject","inLanguage":"en-US","@id":"https:\/\/www.axfoundation.se\/en\/staff\/sofia-lundvall#primaryimage","url":"https:\/\/ax-images.b-cdn.net\/uploads\/2022\/06\/SofiaLundvall_MR.jpg","contentUrl":"https:\/\/ax-images.b-cdn.net\/uploads\/2022\/06\/SofiaLundvall_MR.jpg","width":1700,"height":2380,"caption":"Sofia Lundvall \u2014 Kock och m\u00e5ltidskoordinator, Tors\u00e5ker g\u00e5rd Axfoundation"},{"@type":"BreadcrumbList","@id":"https:\/\/www.axfoundation.se\/en\/staff\/sofia-lundvall#breadcrumb","itemListElement":[{"@type":"ListItem","position":1,"name":"Home","item":"https:\/\/www.axfoundation.se\/en"},{"@type":"ListItem","position":2,"name":"Staff","item":"https:\/\/www.axfoundation.se\/en\/staff"},{"@type":"ListItem","position":3,"name":"Sofia Lundvall"}]},{"@type":"WebSite","@id":"https:\/\/www.axfoundation.se\/#website","url":"https:\/\/www.axfoundation.se\/","name":"Axfoundation","description":"Axfoundation for Sustainable Development","publisher":{"@id":"https:\/\/www.axfoundation.se\/#organization"},"potentialAction":[{"@type":"SearchAction","target":{"@type":"EntryPoint","urlTemplate":"https:\/\/www.axfoundation.se\/?s={search_term_string}"},"query-input":{"@type":"PropertyValueSpecification","valueRequired":true,"valueName":"search_term_string"}}],"inLanguage":"en-US"},{"@type":"Organization","@id":"https:\/\/www.axfoundation.se\/#organization","name":"Axfoundation","url":"https:\/\/www.axfoundation.se\/","logo":{"@type":"ImageObject","inLanguage":"en-US","@id":"https:\/\/www.axfoundation.se\/#\/schema\/logo\/image\/","url":"https:\/\/ax-images.b-cdn.net\/uploads\/2019\/10\/ax_logo_verk_pos.jpg","contentUrl":"https:\/\/ax-images.b-cdn.net\/uploads\/2019\/10\/ax_logo_verk_pos.jpg","width":889,"height":507,"caption":"Axfoundation"},"image":{"@id":"https:\/\/www.axfoundation.se\/#\/schema\/logo\/image\/"},"sameAs":["https:\/\/www.facebook.com\/Axfoundation\/","https:\/\/x.com\/axfoundation","https:\/\/www.instagram.com\/axfoundation\/","https:\/\/www.linkedin.com\/company\/axfoundation","http:\/\/youtube.com\/axfoundation"]}]}},"_links":{"self":[{"href":"https:\/\/www.axfoundation.se\/en\/wp-json\/wp\/v2\/staff\/33829"}],"collection":[{"href":"https:\/\/www.axfoundation.se\/en\/wp-json\/wp\/v2\/staff"}],"about":[{"href":"https:\/\/www.axfoundation.se\/en\/wp-json\/wp\/v2\/types\/staff"}],"version-history":[{"count":2,"href":"https:\/\/www.axfoundation.se\/en\/wp-json\/wp\/v2\/staff\/33829\/revisions"}],"predecessor-version":[{"id":46216,"href":"https:\/\/www.axfoundation.se\/en\/wp-json\/wp\/v2\/staff\/33829\/revisions\/46216"}],"wp:featuredmedia":[{"embeddable":true,"href":"https:\/\/www.axfoundation.se\/en\/wp-json\/wp\/v2\/media\/36828"}],"wp:attachment":[{"href":"https:\/\/www.axfoundation.se\/en\/wp-json\/wp\/v2\/media?parent=33829"}],"wp:term":[{"taxonomy":"staff_taxonomy","embeddable":true,"href":"https:\/\/www.axfoundation.se\/en\/wp-json\/wp\/v2\/staff_taxonomy?post=33829"}],"curies":[{"name":"wp","href":"https:\/\/api.w.org\/{rel}","templated":true}]}}