{"id":2336,"date":"2014-08-15T07:10:12","date_gmt":"2014-08-15T07:10:12","guid":{"rendered":"http:\/\/axfoundation.se\/?post_type=project&#038;p=2336"},"modified":"2020-09-01T15:18:38","modified_gmt":"2020-09-01T13:18:38","slug":"environment-workshop-at-nya-flatenbadet","status":"publish","type":"project","link":"https:\/\/www.axfoundation.se\/en\/projects\/environment-workshop-at-nya-flatenbadet","title":{"rendered":"Milj\u00f6verkstan: Eco Workshop for Children"},"content":{"rendered":"<section data-id=\"block_5d837553b34f2\" class=\"text   align col-lg-6 col-12  \" >\n    <div class=\"text__content  col-lg-12 col-12  \">\n            <div class=\"text__content\">\n                  <p>The objective of the association Milj\u00f6verkstan (Swedish for The Eco Workshop) is for children and young people to explore sustainability issues based on their own experiences, thoughts and visions. The project works closely with researchers from Albaeco and Stockholm Resilience Center. The children explore sustainability from all perspectives together with experts, scientists, artists, musicians, biologists and educators. Everything takes place in Milj\u00f6verkstan\u2019s buildings in the Flaten Nature Reserve in a Stockholm suburb.\u00a0The overall goal of the activities is to strengthen the self-image and social relationships of children and youngsters, and to get them closer to nature.\u00a0 Many of the children and young people come from the suburbs south of Stockholm, mainly\u00a0from relatively difficult socio-economic conditions. Milj\u00f6verkstan collaborates with schools and preschools in the immediate area as well as with SHIS, the City of Stockholm\u2019s social housing resource.<\/p>\n\n              <\/div>\n  <\/div>\n<\/section>\n\n\n<section data-id=\"block_5d8375fab34f3\" class=\"image   align col-lg-6 col-12 \">\n  <div class=\"image__container  \">\n          <img decoding=\"async\" src=\"https:\/\/ax-images.b-cdn.net\/uploads\/2019\/09\/Miljoverkstan_Flaten_Ansikte_webb-50x33.jpg\" data-src=\"https:\/\/ax-images.b-cdn.net\/uploads\/2019\/09\/Miljoverkstan_Flaten_Ansikte_webb-1024x682.jpg\" data-srcset=\"https:\/\/ax-images.b-cdn.net\/uploads\/2019\/09\/Miljoverkstan_Flaten_Ansikte_webb-300x200.jpg 300w, https:\/\/ax-images.b-cdn.net\/uploads\/2019\/09\/Miljoverkstan_Flaten_Ansikte_webb-768x512.jpg 768w, https:\/\/ax-images.b-cdn.net\/uploads\/2019\/09\/Miljoverkstan_Flaten_Ansikte_webb-1024x682.jpg 1024w, https:\/\/ax-images.b-cdn.net\/uploads\/2019\/09\/Miljoverkstan_Flaten_Ansikte_webb-50x33.jpg 50w, https:\/\/ax-images.b-cdn.net\/uploads\/2019\/09\/Miljoverkstan_Flaten_Ansikte_webb.jpg 1181w\"  alt=\"The  the association Milj\u00f6verkstan is for young people to explore sustainability issues based on their own experiences.\" >\n                <p class=\"image__description\">The  the association Milj\u00f6verkstan is for young people to explore sustainability issues based on their own experiences.<\/p>\n      <\/div>\n<\/section>\n\n\n<section data-id=\"block_5d613b6438cc1\" class=\"slider   align  \"  data-heading=\"Projects within Inclusive Societies\" >\n      <h2 class=\"slider__heading heading\">Projects within Inclusive Societies<\/h2>\n        <div class=\"slider__container\">\n\n              <div class=\"slider__controls\">\n          <button class=\"button slider__control slider__control--left\" aria-label=\"Scroll left\"><\/button>\n          <button class=\"button slider__control slider__control--right\" aria-label=\"Scroll right\"><\/button>\n        <\/div>\n      \n      <ul class=\"slider__tabs\">\n                              <li class=\"slider__tab  slider__tab--active \" data-tab=\"Earlier projects\">\n              <a href=\"#\">Earlier projects<\/a>\n            <\/li>\n                        <\/ul>\n\n                        <ul class=\"slider__items slider__items--ongoing\"  aria-hidden=\"false\"  data-slider=\"Earlier projects\" data-json=\"{&quot;suppress_filters&quot;:false,&quot;numberposts&quot;:20,&quot;post_type&quot;:&quot;project&quot;,&quot;tax_query&quot;:[{&quot;taxonomy&quot;:&quot;project_taxonomy&quot;,&quot;field&quot;:&quot;term_id&quot;,&quot;terms&quot;:373},{&quot;taxonomy&quot;:&quot;project_status&quot;,&quot;field&quot;:&quot;term_id&quot;,&quot;terms&quot;:230,&quot;operator&quot;:&quot;IN&quot;}],&quot;post__not_in&quot;:[2336]}\">\n                          <li class=\"slider__item spotlight spotlight--small\">\n                <div class=\"spotlight__content  \">\n  <a href=\"https:\/\/www.axfoundation.se\/en\/projects\/yrkesdorren\">\n          <img decoding=\"async\" src=\"https:\/\/ax-images.b-cdn.net\/uploads\/2019\/08\/Lampa_Axfoundation_YrkesDorren_MartinServera_St%C3%A5ende_testpng-50x50.png\" data-srcset=\"https:\/\/ax-images.b-cdn.net\/uploads\/2019\/08\/Lampa_Axfoundation_YrkesDorren_MartinServera_St%C3%A5ende_testpng-800x800.png 800w, https:\/\/ax-images.b-cdn.net\/uploads\/2019\/08\/Lampa_Axfoundation_YrkesDorren_MartinServera_St%C3%A5ende_testpng-150x150.png 150w, https:\/\/ax-images.b-cdn.net\/uploads\/2019\/08\/Lampa_Axfoundation_YrkesDorren_MartinServera_St%C3%A5ende_testpng-300x300.png 300w, https:\/\/ax-images.b-cdn.net\/uploads\/2019\/08\/Lampa_Axfoundation_YrkesDorren_MartinServera_St%C3%A5ende_testpng-768x768.png 768w, https:\/\/ax-images.b-cdn.net\/uploads\/2019\/08\/Lampa_Axfoundation_YrkesDorren_MartinServera_St%C3%A5ende_testpng-50x50.png 50w, https:\/\/ax-images.b-cdn.net\/uploads\/2019\/08\/Lampa_Axfoundation_YrkesDorren_MartinServera_St\u00e5ende_testpng.png 1000w\" data-src=\"https:\/\/ax-images.b-cdn.net\/uploads\/2019\/08\/Lampa_Axfoundation_YrkesDorren_MartinServera_St%C3%A5ende_testpng-800x800.png\" alt=\"Yrkesd\u00f6rren \u2013 for faster integration  of foreign-born people into the Swedish labor market\">\n    \n    <h4 class=\"spotlight__title \">\n      \n      Yrkesd\u00f6rren \u2013 for faster integration  of foreign-born people into the Swedish labor market\n\n    <\/h4>\n  <\/a>\n\n  \n  \n  \n    <ul class=\"spotlight__tags\">\n\n                <li>\n                      <\/li>\n\n                <li>\n                      <\/li>\n\n          <\/ul>\n\n  \n<\/div>\n              <\/li>\n                          <li class=\"slider__item spotlight spotlight--small\">\n                <div class=\"spotlight__content  \">\n  <a href=\"https:\/\/www.axfoundation.se\/en\/projects\/oppnadorren-open-the-door\">\n          <img decoding=\"async\" src=\"https:\/\/ax-images.b-cdn.net\/uploads\/2019\/09\/OppnaDorren_LoVarg_11725_1000x1000-50x50.jpg\" data-srcset=\"https:\/\/ax-images.b-cdn.net\/uploads\/2019\/09\/OppnaDorren_LoVarg_11725_1000x1000-800x800.jpg 800w, https:\/\/ax-images.b-cdn.net\/uploads\/2019\/09\/OppnaDorren_LoVarg_11725_1000x1000-150x150.jpg 150w, https:\/\/ax-images.b-cdn.net\/uploads\/2019\/09\/OppnaDorren_LoVarg_11725_1000x1000-300x300.jpg 300w, https:\/\/ax-images.b-cdn.net\/uploads\/2019\/09\/OppnaDorren_LoVarg_11725_1000x1000-768x768.jpg 768w, https:\/\/ax-images.b-cdn.net\/uploads\/2019\/09\/OppnaDorren_LoVarg_11725_1000x1000-50x50.jpg 50w, https:\/\/ax-images.b-cdn.net\/uploads\/2019\/09\/OppnaDorren_LoVarg_11725_1000x1000.jpg 1002w\" data-src=\"https:\/\/ax-images.b-cdn.net\/uploads\/2019\/09\/OppnaDorren_LoVarg_11725_1000x1000-800x800.jpg\" alt=\"\u00d6ppnaD\u00f6rren: From pilot to scale and further on to Axelerate\">\n    \n    <h4 class=\"spotlight__title \">\n      \n      \u00d6ppnaD\u00f6rren: From pilot to scale and further on to Axelerate\n\n    <\/h4>\n  <\/a>\n\n  \n  \n  \n    <ul class=\"spotlight__tags\">\n\n                <li>\n                      <\/li>\n\n                <li>\n                      <\/li>\n\n          <\/ul>\n\n  \n<\/div>\n              <\/li>\n                          <li class=\"slider__item spotlight spotlight--small\">\n                <div class=\"spotlight__content  \">\n  <a href=\"https:\/\/www.axfoundation.se\/en\/projects\/better-schools\">\n          <img decoding=\"async\" src=\"https:\/\/ax-images.b-cdn.net\/uploads\/2019\/09\/B\u00e4ttreSkolor_1000-50x50.png\" data-srcset=\"https:\/\/ax-images.b-cdn.net\/uploads\/2019\/09\/B\u00e4ttreSkolor_1000-800x800.png 800w, https:\/\/ax-images.b-cdn.net\/uploads\/2019\/09\/B\u00e4ttreSkolor_1000-150x150.png 150w, https:\/\/ax-images.b-cdn.net\/uploads\/2019\/09\/B\u00e4ttreSkolor_1000-300x300.png 300w, https:\/\/ax-images.b-cdn.net\/uploads\/2019\/09\/B\u00e4ttreSkolor_1000-768x768.png 768w, https:\/\/ax-images.b-cdn.net\/uploads\/2019\/09\/B\u00e4ttreSkolor_1000-50x50.png 50w, https:\/\/ax-images.b-cdn.net\/uploads\/2019\/09\/B\u00e4ttreSkolor_1000.png 1000w\" data-src=\"https:\/\/ax-images.b-cdn.net\/uploads\/2019\/09\/B\u00e4ttreSkolor_1000-800x800.png\" alt=\"Better Schools\">\n    \n    <h4 class=\"spotlight__title \">\n      \n      Better Schools\n\n    <\/h4>\n  <\/a>\n\n  \n  \n  \n    <ul class=\"spotlight__tags\">\n\n                <li>\n                      <\/li>\n\n                <li>\n                      <\/li>\n\n          <\/ul>\n\n  \n<\/div>\n              <\/li>\n                          <li class=\"slider__item spotlight spotlight--small\">\n                <div class=\"spotlight__content  \">\n  <a href=\"https:\/\/www.axfoundation.se\/en\/projects\/nice-people-a-film-for-school-children\">\n          <img decoding=\"async\" src=\"https:\/\/ax-images.b-cdn.net\/uploads\/2019\/09\/TrevligtFolk_Affisch-50x50.png\" data-srcset=\"https:\/\/ax-images.b-cdn.net\/uploads\/2019\/09\/TrevligtFolk_Affisch.png 383w, https:\/\/ax-images.b-cdn.net\/uploads\/2019\/09\/TrevligtFolk_Affisch-150x150.png 150w, https:\/\/ax-images.b-cdn.net\/uploads\/2019\/09\/TrevligtFolk_Affisch-300x300.png 300w, https:\/\/ax-images.b-cdn.net\/uploads\/2019\/09\/TrevligtFolk_Affisch-50x50.png 50w\" data-src=\"https:\/\/ax-images.b-cdn.net\/uploads\/2019\/09\/TrevligtFolk_Affisch.png\" alt=\"Nice People: A Film for School Children\">\n    \n    <h4 class=\"spotlight__title \">\n      \n      Nice People: A Film for School Children\n\n    <\/h4>\n  <\/a>\n\n  \n  \n  \n    <ul class=\"spotlight__tags\">\n\n                <li>\n                      <\/li>\n\n                <li>\n                      <\/li>\n\n          <\/ul>\n\n  \n<\/div>\n              <\/li>\n                          <li class=\"slider__item spotlight spotlight--small\">\n                <div class=\"spotlight__content  \">\n  <a href=\"https:\/\/www.axfoundation.se\/en\/projects\/drive-for-life\">\n          <img decoding=\"async\" src=\"https:\/\/ax-images.b-cdn.net\/uploads\/2017\/10\/Drive-for-life_638x638-50x50.jpg\" data-srcset=\"https:\/\/ax-images.b-cdn.net\/uploads\/2017\/10\/Drive-for-life_638x638.jpg 628w, https:\/\/ax-images.b-cdn.net\/uploads\/2017\/10\/Drive-for-life_638x638-150x150.jpg 150w, https:\/\/ax-images.b-cdn.net\/uploads\/2017\/10\/Drive-for-life_638x638-300x300.jpg 300w, https:\/\/ax-images.b-cdn.net\/uploads\/2017\/10\/Drive-for-life_638x638-50x50.jpg 50w\" data-src=\"https:\/\/ax-images.b-cdn.net\/uploads\/2017\/10\/Drive-for-life_638x638.jpg\" alt=\"Drive for Life\">\n    \n    <h4 class=\"spotlight__title \">\n      \n      Drive for Life\n\n    <\/h4>\n  <\/a>\n\n  \n  \n  \n    <ul class=\"spotlight__tags\">\n\n                <li>\n                      <\/li>\n\n                <li>\n                      <\/li>\n\n          <\/ul>\n\n  \n<\/div>\n              <\/li>\n                          <li class=\"slider__item spotlight spotlight--small\">\n                <div class=\"spotlight__content  \">\n  <a href=\"https:\/\/www.axfoundation.se\/en\/projects\/the-first-social-supermarket-in-the-nordic-countries\">\n          <img decoding=\"async\" src=\"https:\/\/ax-images.b-cdn.net\/uploads\/2019\/09\/matmissionen-stadsmissionen-axfoundation-50x50.jpg\" data-srcset=\"https:\/\/ax-images.b-cdn.net\/uploads\/2019\/09\/matmissionen-stadsmissionen-axfoundation-800x800.jpg 800w, https:\/\/ax-images.b-cdn.net\/uploads\/2019\/09\/matmissionen-stadsmissionen-axfoundation-150x150.jpg 150w, https:\/\/ax-images.b-cdn.net\/uploads\/2019\/09\/matmissionen-stadsmissionen-axfoundation-300x300.jpg 300w, https:\/\/ax-images.b-cdn.net\/uploads\/2019\/09\/matmissionen-stadsmissionen-axfoundation-768x768.jpg 768w, https:\/\/ax-images.b-cdn.net\/uploads\/2019\/09\/matmissionen-stadsmissionen-axfoundation-1024x1024.jpg 1024w, https:\/\/ax-images.b-cdn.net\/uploads\/2019\/09\/matmissionen-stadsmissionen-axfoundation-50x50.jpg 50w, https:\/\/ax-images.b-cdn.net\/uploads\/2019\/09\/matmissionen-stadsmissionen-axfoundation.jpg 1303w\" data-src=\"https:\/\/ax-images.b-cdn.net\/uploads\/2019\/09\/matmissionen-stadsmissionen-axfoundation-800x800.jpg\" alt=\"The First Social Supermarket in the Nordic Countries\">\n    \n    <h4 class=\"spotlight__title \">\n      \n      The First Social Supermarket in the Nordic Countries\n\n    <\/h4>\n  <\/a>\n\n  \n  \n  \n    <ul class=\"spotlight__tags\">\n\n                <li>\n                          <a href=\"https:\/\/www.axfoundation.se\/en\/program\/future-food\" class=\"link-text--tag\">Future Food<\/a>\n                      <\/li>\n\n                <li>\n                      <\/li>\n\n                <li>\n                      <\/li>\n\n                <li>\n                      <\/li>\n\n          <\/ul>\n\n  \n<\/div>\n              <\/li>\n                          <li class=\"slider__item spotlight spotlight--small\">\n                <div class=\"spotlight__content  \">\n  <a href=\"https:\/\/www.axfoundation.se\/en\/projects\/seminar-on-diversity-with-maytree-foundation\">\n          <img decoding=\"async\" src=\"https:\/\/ax-images.b-cdn.net\/uploads\/2019\/10\/Maytree_Logo_500-50x50.png\" data-srcset=\"https:\/\/ax-images.b-cdn.net\/uploads\/2019\/10\/Maytree_Logo_500.png 500w, https:\/\/ax-images.b-cdn.net\/uploads\/2019\/10\/Maytree_Logo_500-150x150.png 150w, https:\/\/ax-images.b-cdn.net\/uploads\/2019\/10\/Maytree_Logo_500-300x300.png 300w, https:\/\/ax-images.b-cdn.net\/uploads\/2019\/10\/Maytree_Logo_500-50x50.png 50w\" data-src=\"https:\/\/ax-images.b-cdn.net\/uploads\/2019\/10\/Maytree_Logo_500.png\" alt=\"Seminar on Diversity with Maytree Foundation\">\n    \n    <h4 class=\"spotlight__title \">\n      \n      Seminar on Diversity with Maytree Foundation\n\n    <\/h4>\n  <\/a>\n\n  \n  \n  \n    <ul class=\"spotlight__tags\">\n\n                <li>\n                      <\/li>\n\n                <li>\n                      <\/li>\n\n          <\/ul>\n\n  \n<\/div>\n              <\/li>\n                          <li class=\"slider__item spotlight spotlight--small\">\n                <div class=\"spotlight__content  \">\n  <a href=\"https:\/\/www.axfoundation.se\/en\/projects\/cses-inkubator\">\n          <img decoding=\"async\" src=\"https:\/\/ax-images.b-cdn.net\/uploads\/2019\/09\/CSES_Logo_900-50x50.png\" data-srcset=\"https:\/\/ax-images.b-cdn.net\/uploads\/2019\/09\/CSES_Logo_900-800x800.png 800w, https:\/\/ax-images.b-cdn.net\/uploads\/2019\/09\/CSES_Logo_900-150x150.png 150w, https:\/\/ax-images.b-cdn.net\/uploads\/2019\/09\/CSES_Logo_900-300x300.png 300w, https:\/\/ax-images.b-cdn.net\/uploads\/2019\/09\/CSES_Logo_900-768x768.png 768w, https:\/\/ax-images.b-cdn.net\/uploads\/2019\/09\/CSES_Logo_900-50x50.png 50w, https:\/\/ax-images.b-cdn.net\/uploads\/2019\/09\/CSES_Logo_900.png 900w\" data-src=\"https:\/\/ax-images.b-cdn.net\/uploads\/2019\/09\/CSES_Logo_900-800x800.png\" alt=\"Center for Social Entrepreneurship in Sweden\">\n    \n    <h4 class=\"spotlight__title \">\n      \n      Center for Social Entrepreneurship in Sweden\n\n    <\/h4>\n  <\/a>\n\n  \n  \n  \n    <ul class=\"spotlight__tags\">\n\n                <li>\n                      <\/li>\n\n                <li>\n                      <\/li>\n\n          <\/ul>\n\n  \n<\/div>\n              <\/li>\n                          <li class=\"slider__item spotlight spotlight--small\">\n                <div class=\"spotlight__content  \">\n  <a href=\"https:\/\/www.axfoundation.se\/en\/projects\/we-change_larare\">\n          <img decoding=\"async\" src=\"https:\/\/ax-images.b-cdn.net\/uploads\/2019\/09\/WeChange_Logo_500-50x50.png\" data-srcset=\"https:\/\/ax-images.b-cdn.net\/uploads\/2019\/09\/WeChange_Logo_500.png 500w, https:\/\/ax-images.b-cdn.net\/uploads\/2019\/09\/WeChange_Logo_500-150x150.png 150w, https:\/\/ax-images.b-cdn.net\/uploads\/2019\/09\/WeChange_Logo_500-300x300.png 300w, https:\/\/ax-images.b-cdn.net\/uploads\/2019\/09\/WeChange_Logo_500-50x50.png 50w\" data-src=\"https:\/\/ax-images.b-cdn.net\/uploads\/2019\/09\/WeChange_Logo_500.png\" alt=\"We_Change_L\u00e4rare\">\n    \n    <h4 class=\"spotlight__title \">\n      \n      We_Change_L\u00e4rare\n\n    <\/h4>\n  <\/a>\n\n  \n  \n  \n    <ul class=\"spotlight__tags\">\n\n                <li>\n                      <\/li>\n\n                <li>\n                      <\/li>\n\n          <\/ul>\n\n  \n<\/div>\n              <\/li>\n                          <li class=\"slider__item spotlight spotlight--small\">\n                <div class=\"spotlight__content  \">\n  <a href=\"https:\/\/www.axfoundation.se\/en\/projects\/entrepreneurship-for-real\">\n          <img decoding=\"async\" src=\"https:\/\/ax-images.b-cdn.net\/uploads\/2019\/09\/UF_omslag_1000-50x50.jpg\" data-srcset=\"https:\/\/ax-images.b-cdn.net\/uploads\/2019\/09\/UF_omslag_1000-800x800.jpg 800w, https:\/\/ax-images.b-cdn.net\/uploads\/2019\/09\/UF_omslag_1000-150x150.jpg 150w, https:\/\/ax-images.b-cdn.net\/uploads\/2019\/09\/UF_omslag_1000-300x300.jpg 300w, https:\/\/ax-images.b-cdn.net\/uploads\/2019\/09\/UF_omslag_1000-768x768.jpg 768w, https:\/\/ax-images.b-cdn.net\/uploads\/2019\/09\/UF_omslag_1000-50x50.jpg 50w, https:\/\/ax-images.b-cdn.net\/uploads\/2019\/09\/UF_omslag_1000.jpg 1001w\" data-src=\"https:\/\/ax-images.b-cdn.net\/uploads\/2019\/09\/UF_omslag_1000-800x800.jpg\" alt=\"Junior Achievement\u2014Entrepreneurship for Real\">\n    \n    <h4 class=\"spotlight__title \">\n      \n      Junior Achievement\u2014Entrepreneurship for Real\n\n    <\/h4>\n  <\/a>\n\n  \n  \n  \n    <ul class=\"spotlight__tags\">\n\n                <li>\n                      <\/li>\n\n                <li>\n                      <\/li>\n\n          <\/ul>\n\n  \n<\/div>\n              <\/li>\n                      <\/ul>\n                  <\/div>\n  <\/section>\n","protected":false},"excerpt":{"rendered":"<p>The Eco Workshop (Milj\u00f6verkstan) is project previously supported by Axfoundation. In the spring of 2014, Axfoundation chose to support Milj\u00f6verkstan, primarily helping provide\u00a0a physical space and outdoor clothing so that everyone is able to participate. In 2014, about 150 children and young people aged 4\u201325 were participating in the activities.\u00a0<\/p>\n","protected":false},"author":16,"featured_media":1577,"template":"","tags":[432,1029,548,426],"project_status":[230],"project_taxonomy":[373,1025],"acf":[],"yoast_head":"<!-- This site is optimized with the Yoast SEO Premium plugin v24.5 (Yoast SEO v24.5) - https:\/\/yoast.com\/wordpress\/plugins\/seo\/ -->\n<title>Milj\u00f6verkstan: Eco Workshop for Children - Axfoundation<\/title>\n<meta name=\"robots\" content=\"index, follow, max-snippet:-1, max-image-preview:large, max-video-preview:-1\" \/>\n<link rel=\"canonical\" href=\"https:\/\/www.axfoundation.se\/en\/projects\/environment-workshop-at-nya-flatenbadet\" \/>\n<meta property=\"og:locale\" content=\"en_US\" \/>\n<meta property=\"og:type\" content=\"article\" \/>\n<meta property=\"og:title\" content=\"Milj\u00f6verkstan: Eco Workshop for Children\" \/>\n<meta property=\"og:description\" content=\"The Eco Workshop (Milj\u00f6verkstan) is project previously supported by Axfoundation. In the spring of 2014, Axfoundation chose to support Milj\u00f6verkstan, primarily helping provide\u00a0a physical space and outdoor clothing so that everyone is able to participate. In 2014, about 150 children and young people aged 4\u201325 were participating in the activities.\u00a0\" \/>\n<meta property=\"og:url\" content=\"https:\/\/www.axfoundation.se\/en\/projects\/environment-workshop-at-nya-flatenbadet\" \/>\n<meta property=\"og:site_name\" content=\"Axfoundation\" \/>\n<meta property=\"article:publisher\" content=\"https:\/\/www.facebook.com\/Axfoundation\/\" \/>\n<meta property=\"article:modified_time\" content=\"2020-09-01T13:18:38+00:00\" \/>\n<meta property=\"og:image\" content=\"https:\/\/ax-images.b-cdn.net\/uploads\/2014\/08\/flatenbaden.gif\" \/>\n\t<meta property=\"og:image:width\" content=\"787\" \/>\n\t<meta property=\"og:image:height\" content=\"787\" \/>\n\t<meta property=\"og:image:type\" content=\"image\/gif\" \/>\n<meta name=\"twitter:card\" content=\"summary_large_image\" \/>\n<meta name=\"twitter:site\" content=\"@axfoundation\" \/>\n<script type=\"application\/ld+json\" class=\"yoast-schema-graph\">{\"@context\":\"https:\/\/schema.org\",\"@graph\":[{\"@type\":\"WebPage\",\"@id\":\"https:\/\/www.axfoundation.se\/en\/projects\/environment-workshop-at-nya-flatenbadet\",\"url\":\"https:\/\/www.axfoundation.se\/en\/projects\/environment-workshop-at-nya-flatenbadet\",\"name\":\"Milj\u00f6verkstan: Eco Workshop for Children - Axfoundation\",\"isPartOf\":{\"@id\":\"https:\/\/www.axfoundation.se\/#website\"},\"primaryImageOfPage\":{\"@id\":\"https:\/\/www.axfoundation.se\/en\/projects\/environment-workshop-at-nya-flatenbadet#primaryimage\"},\"image\":{\"@id\":\"https:\/\/www.axfoundation.se\/en\/projects\/environment-workshop-at-nya-flatenbadet#primaryimage\"},\"thumbnailUrl\":\"https:\/\/ax-images.b-cdn.net\/uploads\/2014\/08\/flatenbaden.gif\",\"datePublished\":\"2014-08-15T07:10:12+00:00\",\"dateModified\":\"2020-09-01T13:18:38+00:00\",\"breadcrumb\":{\"@id\":\"https:\/\/www.axfoundation.se\/en\/projects\/environment-workshop-at-nya-flatenbadet#breadcrumb\"},\"inLanguage\":\"en-US\",\"potentialAction\":[{\"@type\":\"ReadAction\",\"target\":[\"https:\/\/www.axfoundation.se\/en\/projects\/environment-workshop-at-nya-flatenbadet\"]}]},{\"@type\":\"ImageObject\",\"inLanguage\":\"en-US\",\"@id\":\"https:\/\/www.axfoundation.se\/en\/projects\/environment-workshop-at-nya-flatenbadet#primaryimage\",\"url\":\"https:\/\/ax-images.b-cdn.net\/uploads\/2014\/08\/flatenbaden.gif\",\"contentUrl\":\"https:\/\/ax-images.b-cdn.net\/uploads\/2014\/08\/flatenbaden.gif\",\"width\":787,\"height\":787},{\"@type\":\"BreadcrumbList\",\"@id\":\"https:\/\/www.axfoundation.se\/en\/projects\/environment-workshop-at-nya-flatenbadet#breadcrumb\",\"itemListElement\":[{\"@type\":\"ListItem\",\"position\":1,\"name\":\"Home\",\"item\":\"https:\/\/www.axfoundation.se\/en\"},{\"@type\":\"ListItem\",\"position\":2,\"name\":\"Projects\",\"item\":\"https:\/\/www.axfoundation.se\/en\/projects\"},{\"@type\":\"ListItem\",\"position\":3,\"name\":\"Milj\u00f6verkstan: Eco Workshop for Children\"}]},{\"@type\":\"WebSite\",\"@id\":\"https:\/\/www.axfoundation.se\/#website\",\"url\":\"https:\/\/www.axfoundation.se\/\",\"name\":\"Axfoundation\",\"description\":\"Axfoundation for Sustainable Development\",\"publisher\":{\"@id\":\"https:\/\/www.axfoundation.se\/#organization\"},\"potentialAction\":[{\"@type\":\"SearchAction\",\"target\":{\"@type\":\"EntryPoint\",\"urlTemplate\":\"https:\/\/www.axfoundation.se\/?s={search_term_string}\"},\"query-input\":{\"@type\":\"PropertyValueSpecification\",\"valueRequired\":true,\"valueName\":\"search_term_string\"}}],\"inLanguage\":\"en-US\"},{\"@type\":\"Organization\",\"@id\":\"https:\/\/www.axfoundation.se\/#organization\",\"name\":\"Axfoundation\",\"url\":\"https:\/\/www.axfoundation.se\/\",\"logo\":{\"@type\":\"ImageObject\",\"inLanguage\":\"en-US\",\"@id\":\"https:\/\/www.axfoundation.se\/#\/schema\/logo\/image\/\",\"url\":\"https:\/\/ax-images.b-cdn.net\/uploads\/2019\/10\/ax_logo_verk_pos.jpg\",\"contentUrl\":\"https:\/\/ax-images.b-cdn.net\/uploads\/2019\/10\/ax_logo_verk_pos.jpg\",\"width\":889,\"height\":507,\"caption\":\"Axfoundation\"},\"image\":{\"@id\":\"https:\/\/www.axfoundation.se\/#\/schema\/logo\/image\/\"},\"sameAs\":[\"https:\/\/www.facebook.com\/Axfoundation\/\",\"https:\/\/x.com\/axfoundation\",\"https:\/\/www.instagram.com\/axfoundation\/\",\"https:\/\/www.linkedin.com\/company\/axfoundation\",\"http:\/\/youtube.com\/axfoundation\"]}]}<\/script>\n<!-- \/ Yoast SEO Premium plugin. -->","yoast_head_json":{"title":"Milj\u00f6verkstan: Eco Workshop for Children - Axfoundation","robots":{"index":"index","follow":"follow","max-snippet":"max-snippet:-1","max-image-preview":"max-image-preview:large","max-video-preview":"max-video-preview:-1"},"canonical":"https:\/\/www.axfoundation.se\/en\/projects\/environment-workshop-at-nya-flatenbadet","og_locale":"en_US","og_type":"article","og_title":"Milj\u00f6verkstan: Eco Workshop for Children","og_description":"The Eco Workshop (Milj\u00f6verkstan) is project previously supported by Axfoundation. In the spring of 2014, Axfoundation chose to support Milj\u00f6verkstan, primarily helping provide\u00a0a physical space and outdoor clothing so that everyone is able to participate. In 2014, about 150 children and young people aged 4\u201325 were participating in the activities.\u00a0","og_url":"https:\/\/www.axfoundation.se\/en\/projects\/environment-workshop-at-nya-flatenbadet","og_site_name":"Axfoundation","article_publisher":"https:\/\/www.facebook.com\/Axfoundation\/","article_modified_time":"2020-09-01T13:18:38+00:00","og_image":[{"width":787,"height":787,"url":"https:\/\/ax-images.b-cdn.net\/uploads\/2014\/08\/flatenbaden.gif","type":"image\/gif"}],"twitter_card":"summary_large_image","twitter_site":"@axfoundation","schema":{"@context":"https:\/\/schema.org","@graph":[{"@type":"WebPage","@id":"https:\/\/www.axfoundation.se\/en\/projects\/environment-workshop-at-nya-flatenbadet","url":"https:\/\/www.axfoundation.se\/en\/projects\/environment-workshop-at-nya-flatenbadet","name":"Milj\u00f6verkstan: Eco Workshop for Children - Axfoundation","isPartOf":{"@id":"https:\/\/www.axfoundation.se\/#website"},"primaryImageOfPage":{"@id":"https:\/\/www.axfoundation.se\/en\/projects\/environment-workshop-at-nya-flatenbadet#primaryimage"},"image":{"@id":"https:\/\/www.axfoundation.se\/en\/projects\/environment-workshop-at-nya-flatenbadet#primaryimage"},"thumbnailUrl":"https:\/\/ax-images.b-cdn.net\/uploads\/2014\/08\/flatenbaden.gif","datePublished":"2014-08-15T07:10:12+00:00","dateModified":"2020-09-01T13:18:38+00:00","breadcrumb":{"@id":"https:\/\/www.axfoundation.se\/en\/projects\/environment-workshop-at-nya-flatenbadet#breadcrumb"},"inLanguage":"en-US","potentialAction":[{"@type":"ReadAction","target":["https:\/\/www.axfoundation.se\/en\/projects\/environment-workshop-at-nya-flatenbadet"]}]},{"@type":"ImageObject","inLanguage":"en-US","@id":"https:\/\/www.axfoundation.se\/en\/projects\/environment-workshop-at-nya-flatenbadet#primaryimage","url":"https:\/\/ax-images.b-cdn.net\/uploads\/2014\/08\/flatenbaden.gif","contentUrl":"https:\/\/ax-images.b-cdn.net\/uploads\/2014\/08\/flatenbaden.gif","width":787,"height":787},{"@type":"BreadcrumbList","@id":"https:\/\/www.axfoundation.se\/en\/projects\/environment-workshop-at-nya-flatenbadet#breadcrumb","itemListElement":[{"@type":"ListItem","position":1,"name":"Home","item":"https:\/\/www.axfoundation.se\/en"},{"@type":"ListItem","position":2,"name":"Projects","item":"https:\/\/www.axfoundation.se\/en\/projects"},{"@type":"ListItem","position":3,"name":"Milj\u00f6verkstan: Eco Workshop for Children"}]},{"@type":"WebSite","@id":"https:\/\/www.axfoundation.se\/#website","url":"https:\/\/www.axfoundation.se\/","name":"Axfoundation","description":"Axfoundation for Sustainable Development","publisher":{"@id":"https:\/\/www.axfoundation.se\/#organization"},"potentialAction":[{"@type":"SearchAction","target":{"@type":"EntryPoint","urlTemplate":"https:\/\/www.axfoundation.se\/?s={search_term_string}"},"query-input":{"@type":"PropertyValueSpecification","valueRequired":true,"valueName":"search_term_string"}}],"inLanguage":"en-US"},{"@type":"Organization","@id":"https:\/\/www.axfoundation.se\/#organization","name":"Axfoundation","url":"https:\/\/www.axfoundation.se\/","logo":{"@type":"ImageObject","inLanguage":"en-US","@id":"https:\/\/www.axfoundation.se\/#\/schema\/logo\/image\/","url":"https:\/\/ax-images.b-cdn.net\/uploads\/2019\/10\/ax_logo_verk_pos.jpg","contentUrl":"https:\/\/ax-images.b-cdn.net\/uploads\/2019\/10\/ax_logo_verk_pos.jpg","width":889,"height":507,"caption":"Axfoundation"},"image":{"@id":"https:\/\/www.axfoundation.se\/#\/schema\/logo\/image\/"},"sameAs":["https:\/\/www.facebook.com\/Axfoundation\/","https:\/\/x.com\/axfoundation","https:\/\/www.instagram.com\/axfoundation\/","https:\/\/www.linkedin.com\/company\/axfoundation","http:\/\/youtube.com\/axfoundation"]}]}},"_links":{"self":[{"href":"https:\/\/www.axfoundation.se\/en\/wp-json\/wp\/v2\/project\/2336"}],"collection":[{"href":"https:\/\/www.axfoundation.se\/en\/wp-json\/wp\/v2\/project"}],"about":[{"href":"https:\/\/www.axfoundation.se\/en\/wp-json\/wp\/v2\/types\/project"}],"author":[{"embeddable":true,"href":"https:\/\/www.axfoundation.se\/en\/wp-json\/wp\/v2\/users\/16"}],"version-history":[{"count":0,"href":"https:\/\/www.axfoundation.se\/en\/wp-json\/wp\/v2\/project\/2336\/revisions"}],"wp:featuredmedia":[{"embeddable":true,"href":"https:\/\/www.axfoundation.se\/en\/wp-json\/wp\/v2\/media\/1577"}],"wp:attachment":[{"href":"https:\/\/www.axfoundation.se\/en\/wp-json\/wp\/v2\/media?parent=2336"}],"wp:term":[{"taxonomy":"post_tag","embeddable":true,"href":"https:\/\/www.axfoundation.se\/en\/wp-json\/wp\/v2\/tags?post=2336"},{"taxonomy":"project_status","embeddable":true,"href":"https:\/\/www.axfoundation.se\/en\/wp-json\/wp\/v2\/project_status?post=2336"},{"taxonomy":"project_taxonomy","embeddable":true,"href":"https:\/\/www.axfoundation.se\/en\/wp-json\/wp\/v2\/project_taxonomy?post=2336"}],"curies":[{"name":"wp","href":"https:\/\/api.w.org\/{rel}","templated":true}]}}