{"id":43882,"date":"2024-02-26T15:23:18","date_gmt":"2024-02-26T14:23:18","guid":{"rendered":"https:\/\/www.axfoundation.se\/?page_id=43882"},"modified":"2024-02-26T15:23:19","modified_gmt":"2024-02-26T14:23:19","slug":"the-antibiotic-dialogue","status":"publish","type":"page","link":"https:\/\/www.axfoundation.se\/en\/the-antibiotic-dialogue","title":{"rendered":"The Antibiotic Dialogue"},"content":{"rendered":"<section data-id=\"block_e43c5ee00035cb934e4dffdcb964b282\" class=\"image   align col-lg-12 col-12 \">\n  <div class=\"image__container  col-lg-12 col-12  \">\n          <img decoding=\"async\" src=\"https:\/\/ax-images.b-cdn.net\/uploads\/2024\/02\/Antibiotikadialogen_1440x960-50x33.jpg\" data-src=\"https:\/\/ax-images.b-cdn.net\/uploads\/2024\/02\/Antibiotikadialogen_1440x960-1024x683.jpg\" data-srcset=\"https:\/\/ax-images.b-cdn.net\/uploads\/2024\/02\/Antibiotikadialogen_1440x960-300x200.jpg 300w, https:\/\/ax-images.b-cdn.net\/uploads\/2024\/02\/Antibiotikadialogen_1440x960-1024x683.jpg 1024w, https:\/\/ax-images.b-cdn.net\/uploads\/2024\/02\/Antibiotikadialogen_1440x960-768x512.jpg 768w, https:\/\/ax-images.b-cdn.net\/uploads\/2024\/02\/Antibiotikadialogen_1440x960-50x33.jpg 50w, https:\/\/ax-images.b-cdn.net\/uploads\/2024\/02\/Antibiotikadialogen_1440x960.jpg 1440w\"  alt=\"Antibiotic-related requirements within the food industry is one of the many discussion points in the Antibiotic Dialogue.\" >\n                <p class=\"image__description\">Antibiotic-related requirements within the food industry is one of the many discussion points in the Antibiotic Dialogue.<\/p>\n      <\/div>\n<\/section>\n\n\n<section data-id=\"block_444b48bcc287c6ff9a5fc2116fbb0ded\" class=\"text   align col-lg-12 col-12  anchor-block  \"  data-heading=\"What is the purpose?\" >\n    <div class=\"text__content  col-lg-6 col-12   text__content--center \">\n              <h2 class=\"text__heading heading\">What is the purpose?<\/h2>\n            <div class=\"text__content\">\n                  <p>By sharing experiences, knowledge, and practical challenges in supplier dialogues and following up on antibiotic use in the supplier chain, the Antibiotic Dialogue aims to increase the participants&#8217; ability to influence effectively. This, in turn, should lead to reduced antibiotic use in producer chains.<\/p>\n<p>The goal is to facilitate and support participants in their practical work to reduce unnecessary and incorrect use of antibiotics in food production. The goal is also to encourage more organizations to set antibiotic-related requirements in the supplier chain and thereby accelerate these efforts.<\/p>\n\n              <\/div>\n  <\/div>\n<\/section>\n\n\n<section data-id=\"block_91e1a99cc47b39864648c846df803368\" class=\"image   align col-lg-12 col-12 \">\n  <div class=\"image__container  col-lg-6 col-12   image__content--center \">\n          <img decoding=\"async\" src=\"https:\/\/ax-images.b-cdn.net\/uploads\/2019\/08\/Kor_antibiotika_iStock-13337220561440x960-1-50x33.jpg\" data-src=\"https:\/\/ax-images.b-cdn.net\/uploads\/2019\/08\/Kor_antibiotika_iStock-13337220561440x960-1-1024x683.jpg\" data-srcset=\"https:\/\/ax-images.b-cdn.net\/uploads\/2019\/08\/Kor_antibiotika_iStock-13337220561440x960-1-300x200.jpg 300w, https:\/\/ax-images.b-cdn.net\/uploads\/2019\/08\/Kor_antibiotika_iStock-13337220561440x960-1-1024x683.jpg 1024w, https:\/\/ax-images.b-cdn.net\/uploads\/2019\/08\/Kor_antibiotika_iStock-13337220561440x960-1-768x512.jpg 768w, https:\/\/ax-images.b-cdn.net\/uploads\/2019\/08\/Kor_antibiotika_iStock-13337220561440x960-1-50x33.jpg 50w, https:\/\/ax-images.b-cdn.net\/uploads\/2019\/08\/Kor_antibiotika_iStock-13337220561440x960-1.jpg 1440w\"  alt=\"Increased antibiotic resistance is one of the ten major global threats to human health, according to the World Health Organization (WHO).\" >\n                <p class=\"image__description\">Increased antibiotic resistance is one of the ten major global threats to human health, according to the World Health Organization (WHO).<\/p>\n      <\/div>\n<\/section>\n\n\n<section data-id=\"block_ffb4817d08a9056f8a242d9820b69156\" class=\"text   align col-lg-12 col-12  anchor-block  \"  data-heading=\"Who is involved?\" >\n    <div class=\"text__content  col-lg-6 col-12   text__content--center \">\n              <h2 class=\"text__heading heading\">Who is involved?<\/h2>\n            <div class=\"text__content\">\n                  <p>The group consists of companies that work practically and have the opportunity to influence the supply chain and\/or purchase of food where antibiotics are used in primary production (such as seafood, dairy, meat). Participants primarily work with requirement-setting within food retail, food wholesale, food production, and the food industry in general.<\/p>\n<h3>Participants<\/h3>\n<p>Arla, Axfood, Coop Sverige, Dafg\u00e5rds, Di Luca &amp; Di Luca, HK Scan, ICA, Lidl, Martin &amp; Servera, Menigo, Orkla Foods, Sodexo, Svensk dagligvaruhandel<\/p>\n\n              <\/div>\n  <\/div>\n<\/section>\n\n\n<section data-id=\"block_9e576d4296765a2e2e17f47ad0e871ab\" class=\"text   align col-lg-12 col-12  anchor-block  \"  data-heading=\"A few words from Antibiotic Dialogue participants (in Swedish)\" >\n    <div class=\"text__content  col-lg-6 col-12   text__content--center \">\n              <h2 class=\"text__heading heading\">A few words from Antibiotic Dialogue participants (in Swedish)<\/h2>\n            <div class=\"text__content\">\n              <\/div>\n  <\/div>\n<\/section>\n\n\n<section data-id=\"block_40084f1eb9f85f013b5a5e2092fe9f49\" class=\"text   align col-lg-12 col-12  \" >\n    <div class=\"text__content  col-lg-6 col-12   text__content--center \">\n            <div class=\"text__content\">\n                  <p><iframe loading=\"lazy\" title=\"D\u00e4rf\u00f6r \u00e4r vi med i Antibiotikadialogen - Svensk Dagligvaruhandel\" src=\"https:\/\/www.youtube.com\/embed\/zOdhaVJ-NeU\" width=\"304\" height=\"540\" frameborder=\"0\" allowfullscreen=\"allowfullscreen\"><\/iframe> <iframe loading=\"lazy\" title=\"D\u00e4rf\u00f6r \u00e4r vi med i Antibiotikadialogen - Di Luca &amp; Di Luca\" src=\"https:\/\/www.youtube.com\/embed\/dlydllG9yH4\" width=\"304\" height=\"540\" frameborder=\"0\" allowfullscreen=\"allowfullscreen\"><\/iframe><\/p>\n\n              <\/div>\n  <\/div>\n<\/section>\n\n\n<section data-id=\"block_33010015bb69c38a84969f59db004ffe\" class=\"text   align col-lg-12 col-12  anchor-block  \"  data-heading=\"Do you want to join?\" >\n    <div class=\"text__content  col-lg-6 col-12   text__content--center \">\n              <h2 class=\"text__heading heading\">Do you want to join?<\/h2>\n            <div class=\"text__content\">\n                  <p>The Antibiotic Dialogue welcomes more members! Participate in educational meetings and inspiring conversations with companies at the forefront of the work against antibiotic resistance. Being part of the Antibiotic Dialogue is free &#8211; however, there may be a cost for meals, etc. at physical meetings.<\/p>\n<p><a href=\"mailto:maria.lundesjo@axfoundation.se?subject=Antibiotikadialogen - intresseanm\u00e4lan\">Contact us and register your interest!<\/a><\/p>\n\n              <\/div>\n  <\/div>\n<\/section>\n\n\n<section data-id=\"block_2b86b4de576c6eaba612b995e704a554\" class=\"staff   align  staff--vertical   \"  data-heading=\"Contact\" >\n      <h2 class=\"staff__heading heading\">Contact<\/h2>\n        <ul class=\"staff__list\">\n              \n        <li class=\"staff__item  staff__item--vertical \">\n                      <a href=\"https:\/\/www.axfoundation.se\/en\/staff\/maria-lundesjo\">\n              <img decoding=\"async\" src=\"https:\/\/ax-images.b-cdn.net\/uploads\/2022\/06\/MariaLundesjo\u2560e1_MR-50x70.jpg\" data-src=\"https:\/\/ax-images.b-cdn.net\/uploads\/2022\/06\/MariaLundesjo\u2560e1_MR-214x300.jpg\" data-srcset=\"https:\/\/ax-images.b-cdn.net\/uploads\/2022\/06\/MariaLundesjo\u2560e1_MR-214x300.jpg 214w, https:\/\/ax-images.b-cdn.net\/uploads\/2022\/06\/MariaLundesjo\u2560e1_MR-731x1024.jpg 731w, https:\/\/ax-images.b-cdn.net\/uploads\/2022\/06\/MariaLundesjo\u2560e1_MR-768x1075.jpg 768w, https:\/\/ax-images.b-cdn.net\/uploads\/2022\/06\/MariaLundesjo\u2560e1_MR-1097x1536.jpg 1097w, https:\/\/ax-images.b-cdn.net\/uploads\/2022\/06\/MariaLundesjo\u2560e1_MR-1463x2048.jpg 1463w, https:\/\/ax-images.b-cdn.net\/uploads\/2022\/06\/MariaLundesjo\u2560e1_MR-50x70.jpg 50w, https:\/\/ax-images.b-cdn.net\/uploads\/2022\/06\/MariaLundesjo\u2560e1_MR.jpg 1700w\" alt=\"Project Manager Future Food\">\n            <\/a>\n                    <div class=\"staff__item__content\">\n            <p class=\"staff__item__name\">Maria Lundesj\u00f6<\/p>\n                          <p class=\"staff__item__title\">Project Manager Future Food<\/p>\n                                      <a href=\"mailto:maria.lundesjo@axfoundation.se\"><span class=\"text-link\">maria.lundesjo@axfoundation.se<\/span><\/a>\n                        \n            <a href=\"tel:+46 (0) 730 92 96 74\"><span class=\"text-link\">+46 (0) 730 92 96 74<\/span><\/a>\n                                  <\/div>\n        <\/li>\n\n                  <\/ul>\n  <\/section>\n\n\n<section data-id=\"block_2a670a08f47cb63287afc656f6fe69ed\" class=\"newsletter   align col-lg-12 col-12  \"  data-heading=\"Keep up with the latest sustainability innovations\" >\n  <div class=\"newsletter__content  col-lg-6 col-12   newsletter__content--center \">\n          <h2 class=\"newsletter__heading\">Keep up with the latest sustainability innovations<\/h2>\n    \n          <p>Get first-hand results, lessons learned, and food-for-thoughts from practical innovations that push the envelope for a sustainable world.<\/p>\n    \n          <div class=\"newsletter__form\">\n        <script>(function() {\n\twindow.mc4wp = window.mc4wp || {\n\t\tlisteners: [],\n\t\tforms: {\n\t\t\ton: function(evt, cb) {\n\t\t\t\twindow.mc4wp.listeners.push(\n\t\t\t\t\t{\n\t\t\t\t\t\tevent   : evt,\n\t\t\t\t\t\tcallback: cb\n\t\t\t\t\t}\n\t\t\t\t);\n\t\t\t}\n\t\t}\n\t}\n})();\n<\/script><!-- Mailchimp for WordPress v4.10.6 - https:\/\/wordpress.org\/plugins\/mailchimp-for-wp\/ --><form id=\"mc4wp-form-1\" class=\"mc4wp-form mc4wp-form-34002 mc4wp-ajax\" method=\"post\" data-id=\"34002\" data-name=\"Axfoundation Newsletter - List choice\" ><div class=\"mc4wp-form-fields\"><p class=\"newsletter__form-group\">\r\n    <label class=\"newsletter__label--text\">Name<\/label>\r\n    <input type=\"text\" name=\"FNAME\" required style=\"max-width: none\">\r\n<\/p>\r\n\r\n<p class=\"newsletter__form-group\">\r\n    <label class=\"newsletter__label--text\">Surname<\/label>\r\n    <input type=\"text\" name=\"LNAME\" placeholder=\"\" required style=\"max-width: none\">\r\n<\/p>\r\n\r\n<p class=\"newsletter__form-group\">\r\n    <label class=\"newsletter__label--text\">Organization<\/label>\r\n    <input type=\"text\" name=\"MMERGE3\" placeholder=\"\" required style=\"max-width: none\">\r\n<\/p>\r\n\r\n\r\n<p class=\"newsletter__form-group\">\r\n\t<label class=\"newsletter__label--text\">Email<\/label>\r\n\t<input type=\"email\" name=\"EMAIL\" placeholder=\"\" required style=\"max-width: none\" \/>\r\n<\/p>\r\n<p class=\"newsletter__list-choice\" data-interest-group-message=\"V\u00e4lj minst en lista att prenumerera p\u00e5\">\r\n    <label class=\"newsletter__list-choice-label\">I would like to subscribe to:<\/label>\r\n    <label style=\"margin-left:0; display: block\" class=\"newsletter__label--radio\">\r\n        <input name=\"INTERESTS[310fe53a4d][]\" type=\"checkbox\" value=\"7392451e34\"> <span>Axfoundation\u2019s newsletter<\/span>\r\n    <\/label>\r\n    <label style=\"margin-left:0; display: block\" class=\"newsletter__label--radio\">\r\n        <input name=\"INTERESTS[310fe53a4d][]\" type=\"checkbox\" value=\"84e9e8996e\"> <span>Antibiotikaspaningen (updates on antibiotics, in Swedish)<\/span>\r\n      \t<em style=\"display: block; font-size: 80%; margin-bottom: 1rem\">Biweekly updates on antibiotics, trade and animal husbandry.<\/em>\r\n    <\/label>\r\n<\/p>\r\n\r\n<p>\r\n  <button class=\"button button--newsletter\" type=\"submit\">Subscribe<\/button>\r\n<\/p><\/div><label style=\"display: none !important;\">Leave this field empty if you're human: <input type=\"text\" name=\"_mc4wp_honeypot\" value=\"\" tabindex=\"-1\" autocomplete=\"off\" \/><\/label><input type=\"hidden\" name=\"_mc4wp_timestamp\" value=\"1777631284\" \/><input type=\"hidden\" name=\"_mc4wp_form_id\" value=\"34002\" \/><input type=\"hidden\" name=\"_mc4wp_form_element_id\" value=\"mc4wp-form-1\" \/><div class=\"mc4wp-response\"><\/div><\/form><!-- \/ Mailchimp for WordPress Plugin -->\n      <\/div>\n      <\/div>\n<\/section>\n\n\n<section data-id=\"block_39178490c4986034f8923d80d5d75998\" class=\"slider   align  \"  data-heading=\"Updates on Future Food\" >\n      <h2 class=\"slider__heading heading\">Updates on Future Food<\/h2>\n        <div class=\"slider__container\">\n\n              <div class=\"slider__controls\">\n          <button class=\"button slider__control slider__control--left\" aria-label=\"Scroll left\"><\/button>\n          <button class=\"button slider__control slider__control--right\" aria-label=\"Scroll right\"><\/button>\n        <\/div>\n      \n      <ul class=\"slider__tabs\">\n              <\/ul>\n\n              <ul class=\"slider__items\" aria-hidden=\"false\" data-json=\"{&quot;suppress_filters&quot;:false,&quot;numberposts&quot;:20,&quot;post_type&quot;:&quot;post&quot;,&quot;tax_query&quot;:[{&quot;taxonomy&quot;:&quot;category&quot;,&quot;field&quot;:&quot;term_id&quot;,&quot;terms&quot;:383}],&quot;post__not_in&quot;:[43882]}\">\n                      <li class=\"slider__item spotlight spotlight--small\">\n              <div class=\"spotlight__content  \">\n  <a href=\"https:\/\/www.axfoundation.se\/en\/insights\/plant-nutrients-for-the-future\">\n          <img decoding=\"async\" src=\"https:\/\/ax-images.b-cdn.net\/uploads\/2026\/04\/Insights-Marit-50x50.jpg\" data-srcset=\"https:\/\/ax-images.b-cdn.net\/uploads\/2026\/04\/Insights-Marit-800x800.jpg 800w, https:\/\/ax-images.b-cdn.net\/uploads\/2026\/04\/Insights-Marit-300x300.jpg 300w, https:\/\/ax-images.b-cdn.net\/uploads\/2026\/04\/Insights-Marit-1024x1024.jpg 1024w, https:\/\/ax-images.b-cdn.net\/uploads\/2026\/04\/Insights-Marit-150x150.jpg 150w, https:\/\/ax-images.b-cdn.net\/uploads\/2026\/04\/Insights-Marit-768x768.jpg 768w, https:\/\/ax-images.b-cdn.net\/uploads\/2026\/04\/Insights-Marit-50x50.jpg 50w, https:\/\/ax-images.b-cdn.net\/uploads\/2026\/04\/Insights-Marit.jpg 1080w\" data-src=\"https:\/\/ax-images.b-cdn.net\/uploads\/2026\/04\/Insights-Marit-800x800.jpg\" alt=\"Plant Nutrients for the Future \u2013 is it the nutrients or the system that\u2019s the issue?\">\n    \n    <h4 class=\"spotlight__title \">\n      \n      Plant Nutrients for the Future \u2013 is it the nutrients or the system that\u2019s the issue?\n\n    <\/h4>\n  <\/a>\n\n      <p class=\"spotlight__date small\">2026-04-24<\/p>\n  \n  \n  \n<\/div>\n            <\/li>\n                      <li class=\"slider__item spotlight spotlight--small\">\n              <div class=\"spotlight__content  \">\n  <a href=\"https:\/\/www.axfoundation.se\/en\/news\/stricter-eu-requirements-on-food-waste\">\n          <img decoding=\"async\" src=\"https:\/\/ax-images.b-cdn.net\/uploads\/2026\/04\/iStock-1222183046-1x1-1-50x50.jpg\" data-srcset=\"https:\/\/ax-images.b-cdn.net\/uploads\/2026\/04\/iStock-1222183046-1x1-1-800x800.jpg 800w, https:\/\/ax-images.b-cdn.net\/uploads\/2026\/04\/iStock-1222183046-1x1-1-300x300.jpg 300w, https:\/\/ax-images.b-cdn.net\/uploads\/2026\/04\/iStock-1222183046-1x1-1-1024x1024.jpg 1024w, https:\/\/ax-images.b-cdn.net\/uploads\/2026\/04\/iStock-1222183046-1x1-1-150x150.jpg 150w, https:\/\/ax-images.b-cdn.net\/uploads\/2026\/04\/iStock-1222183046-1x1-1-768x768.jpg 768w, https:\/\/ax-images.b-cdn.net\/uploads\/2026\/04\/iStock-1222183046-1x1-1-50x50.jpg 50w, https:\/\/ax-images.b-cdn.net\/uploads\/2026\/04\/iStock-1222183046-1x1-1.jpg 1080w\" data-src=\"https:\/\/ax-images.b-cdn.net\/uploads\/2026\/04\/iStock-1222183046-1x1-1-800x800.jpg\" alt=\"Stricter EU Requirements on Food Waste \u2013 PLENTY can Give Sweden a Head Start\">\n    \n    <h4 class=\"spotlight__title \">\n      \n      Stricter EU Requirements on Food Waste \u2013 PLENTY can Give Sweden a Head Start\n\n    <\/h4>\n  <\/a>\n\n      <p class=\"spotlight__date small\">2026-04-23<\/p>\n  \n  \n  \n<\/div>\n            <\/li>\n                      <li class=\"slider__item spotlight spotlight--small\">\n              <div class=\"spotlight__content  \">\n  <a href=\"https:\/\/www.axfoundation.se\/en\/insights\/could-hemp-seeds-be-the-future-of-food\">\n          <img decoding=\"async\" src=\"https:\/\/ax-images.b-cdn.net\/uploads\/2026\/03\/Yukis-insights-50x50.png\" data-srcset=\"https:\/\/ax-images.b-cdn.net\/uploads\/2026\/03\/Yukis-insights-800x800.png 800w, https:\/\/ax-images.b-cdn.net\/uploads\/2026\/03\/Yukis-insights-300x300.png 300w, https:\/\/ax-images.b-cdn.net\/uploads\/2026\/03\/Yukis-insights-1024x1024.png 1024w, https:\/\/ax-images.b-cdn.net\/uploads\/2026\/03\/Yukis-insights-150x150.png 150w, https:\/\/ax-images.b-cdn.net\/uploads\/2026\/03\/Yukis-insights-768x768.png 768w, https:\/\/ax-images.b-cdn.net\/uploads\/2026\/03\/Yukis-insights-50x50.png 50w, https:\/\/ax-images.b-cdn.net\/uploads\/2026\/03\/Yukis-insights.png 1081w\" data-src=\"https:\/\/ax-images.b-cdn.net\/uploads\/2026\/03\/Yukis-insights-800x800.png\" alt=\"Could Hemp Seeds be the Future of Food?\">\n    \n    <h4 class=\"spotlight__title \">\n      \n      Could Hemp Seeds be the Future of Food?\n\n    <\/h4>\n  <\/a>\n\n      <p class=\"spotlight__date small\">2026-03-30<\/p>\n  \n  \n  \n<\/div>\n            <\/li>\n                      <li class=\"slider__item spotlight spotlight--small\">\n              <div class=\"spotlight__content  \">\n  <a href=\"https:\/\/www.axfoundation.se\/en\/news\/eggs-of-the-future-swedish-hens-fed-mycoprotein-instead-of-soy\">\n          <img decoding=\"async\" src=\"https:\/\/ax-images.b-cdn.net\/uploads\/2026\/03\/82b9a614885993ca_org-50x50.jpg\" data-srcset=\"\" data-src=\"https:\/\/ax-images.b-cdn.net\/uploads\/2026\/03\/82b9a614885993ca_org-800x683.jpg\" alt=\"Eggs of the Future: Swedish Hens Fed Mycoprotein Instead of Soy\">\n    \n    <h4 class=\"spotlight__title \">\n      \n      Eggs of the Future: Swedish Hens Fed Mycoprotein Instead of Soy\n\n    <\/h4>\n  <\/a>\n\n      <p class=\"spotlight__date small\">2026-03-24<\/p>\n  \n  \n  \n<\/div>\n            <\/li>\n                      <li class=\"slider__item spotlight spotlight--small\">\n              <div class=\"spotlight__content  \">\n  <a href=\"https:\/\/www.axfoundation.se\/en\/news\/new-swedish-initiative-on-mycoprotein-as-a-future-food-ingredient\">\n          <img decoding=\"async\" src=\"https:\/\/ax-images.b-cdn.net\/uploads\/2026\/02\/Svampprotein_Seaqure-labs_1x1-50x50.jpg\" data-srcset=\"https:\/\/ax-images.b-cdn.net\/uploads\/2026\/02\/Svampprotein_Seaqure-labs_1x1.jpg 698w, https:\/\/ax-images.b-cdn.net\/uploads\/2026\/02\/Svampprotein_Seaqure-labs_1x1-300x300.jpg 300w, https:\/\/ax-images.b-cdn.net\/uploads\/2026\/02\/Svampprotein_Seaqure-labs_1x1-150x150.jpg 150w, https:\/\/ax-images.b-cdn.net\/uploads\/2026\/02\/Svampprotein_Seaqure-labs_1x1-50x50.jpg 50w\" data-src=\"https:\/\/ax-images.b-cdn.net\/uploads\/2026\/02\/Svampprotein_Seaqure-labs_1x1.jpg\" alt=\"New Swedish Initiative on Mycoprotein as a Future Food Ingredient\">\n    \n    <h4 class=\"spotlight__title \">\n      \n      New Swedish Initiative on Mycoprotein as a Future Food Ingredient\n\n    <\/h4>\n  <\/a>\n\n      <p class=\"spotlight__date small\">2026-02-22<\/p>\n  \n  \n  \n<\/div>\n            <\/li>\n                      <li class=\"slider__item spotlight spotlight--small\">\n              <div class=\"spotlight__content  \">\n  <a href=\"https:\/\/www.axfoundation.se\/en\/news\/a-new-take-on-the-iconic-swedish-semla-paves-the-way-for-hemp-cultivation\">\n          <img decoding=\"async\" src=\"https:\/\/ax-images.b-cdn.net\/uploads\/2026\/01\/99661c5171a3d3eb_org-50x50.jpg\" data-srcset=\"https:\/\/ax-images.b-cdn.net\/uploads\/2026\/01\/99661c5171a3d3eb_org-800x800.jpg 800w, https:\/\/ax-images.b-cdn.net\/uploads\/2026\/01\/99661c5171a3d3eb_org-150x150.jpg 150w, https:\/\/ax-images.b-cdn.net\/uploads\/2026\/01\/99661c5171a3d3eb_org-50x50.jpg 50w\" data-src=\"https:\/\/ax-images.b-cdn.net\/uploads\/2026\/01\/99661c5171a3d3eb_org-800x800.jpg\" alt=\"A New Take on The Iconic Swedish Semla Paves the Way for Hemp Cultivation\">\n    \n    <h4 class=\"spotlight__title \">\n      \n      A New Take on The Iconic Swedish Semla Paves the Way for Hemp Cultivation\n\n    <\/h4>\n  <\/a>\n\n      <p class=\"spotlight__date small\">2026-01-27<\/p>\n  \n  \n  \n<\/div>\n            <\/li>\n                      <li class=\"slider__item spotlight spotlight--small\">\n              <div class=\"spotlight__content  \">\n  <a href=\"https:\/\/www.axfoundation.se\/en\/news\/half-of-swedens-broccoli-is-left-in-the-field-now-the-leaves-are-put-to-use-with-ikea\">\n          <img decoding=\"async\" src=\"https:\/\/ax-images.b-cdn.net\/uploads\/2026\/01\/afd7d01ef66d483e_org-50x50.jpg\" data-srcset=\"https:\/\/ax-images.b-cdn.net\/uploads\/2026\/01\/afd7d01ef66d483e_org-800x800.jpg 800w, https:\/\/ax-images.b-cdn.net\/uploads\/2026\/01\/afd7d01ef66d483e_org-150x150.jpg 150w, https:\/\/ax-images.b-cdn.net\/uploads\/2026\/01\/afd7d01ef66d483e_org-50x50.jpg 50w\" data-src=\"https:\/\/ax-images.b-cdn.net\/uploads\/2026\/01\/afd7d01ef66d483e_org-800x800.jpg\" alt=\"Half of Sweden\u2019s Broccoli Is Left in the Field \u2013 Now the Leaves Are Put to Use with IKEA\">\n    \n    <h4 class=\"spotlight__title \">\n      \n      Half of Sweden\u2019s Broccoli Is Left in the Field \u2013 Now the Leaves Are Put to Use with IKEA\n\n    <\/h4>\n  <\/a>\n\n      <p class=\"spotlight__date small\">2026-01-08<\/p>\n  \n  \n  \n<\/div>\n            <\/li>\n                      <li class=\"slider__item spotlight spotlight--small\">\n              <div class=\"spotlight__content  \">\n  <a href=\"https:\/\/www.axfoundation.se\/en\/news\/the-future-fish-shows-that-circular-feed-works\">\n          <img decoding=\"async\" src=\"https:\/\/ax-images.b-cdn.net\/uploads\/2025\/11\/R9A7649_Axfoundation_Framtidens-fisk_webb_1x1-50x50.jpg\" data-srcset=\"https:\/\/ax-images.b-cdn.net\/uploads\/2025\/11\/R9A7649_Axfoundation_Framtidens-fisk_webb_1x1-800x800.jpg 800w, https:\/\/ax-images.b-cdn.net\/uploads\/2025\/11\/R9A7649_Axfoundation_Framtidens-fisk_webb_1x1-300x300.jpg 300w, https:\/\/ax-images.b-cdn.net\/uploads\/2025\/11\/R9A7649_Axfoundation_Framtidens-fisk_webb_1x1-1024x1024.jpg 1024w, https:\/\/ax-images.b-cdn.net\/uploads\/2025\/11\/R9A7649_Axfoundation_Framtidens-fisk_webb_1x1-150x150.jpg 150w, https:\/\/ax-images.b-cdn.net\/uploads\/2025\/11\/R9A7649_Axfoundation_Framtidens-fisk_webb_1x1-768x768.jpg 768w, https:\/\/ax-images.b-cdn.net\/uploads\/2025\/11\/R9A7649_Axfoundation_Framtidens-fisk_webb_1x1-50x50.jpg 50w, https:\/\/ax-images.b-cdn.net\/uploads\/2025\/11\/R9A7649_Axfoundation_Framtidens-fisk_webb_1x1.jpg 1080w\" data-src=\"https:\/\/ax-images.b-cdn.net\/uploads\/2025\/11\/R9A7649_Axfoundation_Framtidens-fisk_webb_1x1-800x800.jpg\" alt=\"The Future Fish Shows That Circular Feed Works\">\n    \n    <h4 class=\"spotlight__title \">\n      \n      The Future Fish Shows That Circular Feed Works\n\n    <\/h4>\n  <\/a>\n\n      <p class=\"spotlight__date small\">2025-11-24<\/p>\n  \n  \n  \n<\/div>\n            <\/li>\n                      <li class=\"slider__item spotlight spotlight--small\">\n              <div class=\"spotlight__content  \">\n  <a href=\"https:\/\/www.axfoundation.se\/en\/news\/a-planetary-menu-for-everyday-swedish-meals\">\n          <img decoding=\"async\" src=\"https:\/\/ax-images.b-cdn.net\/uploads\/2025\/10\/Day-2-Dinner-Stroganoff-13-50x50.jpg\" data-srcset=\"https:\/\/ax-images.b-cdn.net\/uploads\/2025\/10\/Day-2-Dinner-Stroganoff-13-800x800.jpg 800w, https:\/\/ax-images.b-cdn.net\/uploads\/2025\/10\/Day-2-Dinner-Stroganoff-13-300x300.jpg 300w, https:\/\/ax-images.b-cdn.net\/uploads\/2025\/10\/Day-2-Dinner-Stroganoff-13-1024x1024.jpg 1024w, https:\/\/ax-images.b-cdn.net\/uploads\/2025\/10\/Day-2-Dinner-Stroganoff-13-150x150.jpg 150w, https:\/\/ax-images.b-cdn.net\/uploads\/2025\/10\/Day-2-Dinner-Stroganoff-13-768x768.jpg 768w, https:\/\/ax-images.b-cdn.net\/uploads\/2025\/10\/Day-2-Dinner-Stroganoff-13-1536x1536.jpg 1536w, https:\/\/ax-images.b-cdn.net\/uploads\/2025\/10\/Day-2-Dinner-Stroganoff-13-2048x2048.jpg 2048w, https:\/\/ax-images.b-cdn.net\/uploads\/2025\/10\/Day-2-Dinner-Stroganoff-13-50x50.jpg 50w\" data-src=\"https:\/\/ax-images.b-cdn.net\/uploads\/2025\/10\/Day-2-Dinner-Stroganoff-13-800x800.jpg\" alt=\"A Planetary Menu for Everyday Swedish Meals\u00a0\">\n    \n    <h4 class=\"spotlight__title \">\n      \n      A Planetary Menu for Everyday Swedish Meals\u00a0\n\n    <\/h4>\n  <\/a>\n\n      <p class=\"spotlight__date small\">2025-10-22<\/p>\n  \n  \n  \n<\/div>\n            <\/li>\n                      <li class=\"slider__item spotlight spotlight--small\">\n              <div class=\"spotlight__content  \">\n  <a href=\"https:\/\/www.axfoundation.se\/en\/news\/broccoli-sausage-an-innovation-from-the-processing-stage\">\n          <img decoding=\"async\" src=\"https:\/\/ax-images.b-cdn.net\/uploads\/2025\/09\/Broccolikorv_Hela-Plantan_Axf-50x50.jpg\" data-srcset=\"https:\/\/ax-images.b-cdn.net\/uploads\/2025\/09\/Broccolikorv_Hela-Plantan_Axf-800x800.jpg 800w, https:\/\/ax-images.b-cdn.net\/uploads\/2025\/09\/Broccolikorv_Hela-Plantan_Axf-300x300.jpg 300w, https:\/\/ax-images.b-cdn.net\/uploads\/2025\/09\/Broccolikorv_Hela-Plantan_Axf-1024x1024.jpg 1024w, https:\/\/ax-images.b-cdn.net\/uploads\/2025\/09\/Broccolikorv_Hela-Plantan_Axf-150x150.jpg 150w, https:\/\/ax-images.b-cdn.net\/uploads\/2025\/09\/Broccolikorv_Hela-Plantan_Axf-768x768.jpg 768w, https:\/\/ax-images.b-cdn.net\/uploads\/2025\/09\/Broccolikorv_Hela-Plantan_Axf-50x50.jpg 50w, https:\/\/ax-images.b-cdn.net\/uploads\/2025\/09\/Broccolikorv_Hela-Plantan_Axf.jpg 1441w\" data-src=\"https:\/\/ax-images.b-cdn.net\/uploads\/2025\/09\/Broccolikorv_Hela-Plantan_Axf-800x800.jpg\" alt=\"\u201cBroccoli Sausage\u201d \u2013 An Innovation from the Processing Stage\u00a0\">\n    \n    <h4 class=\"spotlight__title \">\n      \n      \u201cBroccoli Sausage\u201d \u2013 An Innovation from the Processing Stage\u00a0\n\n    <\/h4>\n  <\/a>\n\n      <p class=\"spotlight__date small\">2025-09-28<\/p>\n  \n  \n  \n<\/div>\n            <\/li>\n                      <li class=\"slider__item spotlight spotlight--small\">\n              <div class=\"spotlight__content  \">\n  <a href=\"https:\/\/www.axfoundation.se\/en\/news\/worlds-first-fish-fed-with-mycoprotein-sweden-leads-the-way-in-circular-feed\">\n          <img decoding=\"async\" src=\"https:\/\/ax-images.b-cdn.net\/uploads\/2025\/09\/8e4eb46b556b01c3_org-50x50.jpg\" data-srcset=\"https:\/\/ax-images.b-cdn.net\/uploads\/2025\/09\/8e4eb46b556b01c3_org-800x800.jpg 800w, https:\/\/ax-images.b-cdn.net\/uploads\/2025\/09\/8e4eb46b556b01c3_org-150x150.jpg 150w, https:\/\/ax-images.b-cdn.net\/uploads\/2025\/09\/8e4eb46b556b01c3_org-50x50.jpg 50w\" data-src=\"https:\/\/ax-images.b-cdn.net\/uploads\/2025\/09\/8e4eb46b556b01c3_org-800x800.jpg\" alt=\"World\u2019s First Fish Fed with Mycoprotein \u2013 Sweden Leads the Way in Circular Feed\">\n    \n    <h4 class=\"spotlight__title \">\n      \n      World\u2019s First Fish Fed with Mycoprotein \u2013 Sweden Leads the Way in Circular Feed\n\n    <\/h4>\n  <\/a>\n\n      <p class=\"spotlight__date small\">2025-09-10<\/p>\n  \n  \n  \n<\/div>\n            <\/li>\n                      <li class=\"slider__item spotlight spotlight--small\">\n              <div class=\"spotlight__content  \">\n  <a href=\"https:\/\/www.axfoundation.se\/en\/news\/future-fika-a-swedish-blood-brownie-tackles-iron-deficiency-and-food-waste\">\n          <img decoding=\"async\" src=\"https:\/\/ax-images.b-cdn.net\/uploads\/2025\/09\/b379b96328f08802_org-50x50.jpg\" data-srcset=\"https:\/\/ax-images.b-cdn.net\/uploads\/2025\/09\/b379b96328f08802_org-800x800.jpg 800w, https:\/\/ax-images.b-cdn.net\/uploads\/2025\/09\/b379b96328f08802_org-150x150.jpg 150w, https:\/\/ax-images.b-cdn.net\/uploads\/2025\/09\/b379b96328f08802_org-50x50.jpg 50w\" data-src=\"https:\/\/ax-images.b-cdn.net\/uploads\/2025\/09\/b379b96328f08802_org-800x800.jpg\" alt=\"Future Fika: A Swedish \u201cBlood Brownie\u201d Tackles Iron Deficiency and Food Waste\">\n    \n    <h4 class=\"spotlight__title \">\n      \n      Future Fika: A Swedish \u201cBlood Brownie\u201d Tackles Iron Deficiency and Food Waste\n\n    <\/h4>\n  <\/a>\n\n      <p class=\"spotlight__date small\">2025-09-02<\/p>\n  \n  \n  \n<\/div>\n            <\/li>\n                      <li class=\"slider__item spotlight spotlight--small\">\n              <div class=\"spotlight__content  \">\n  <a href=\"https:\/\/www.axfoundation.se\/en\/news\/the-feed-of-the-future-can-be-grown-in-containers\">\n          <img decoding=\"async\" src=\"https:\/\/ax-images.b-cdn.net\/uploads\/2025\/06\/1-50x50.jpg\" data-srcset=\"https:\/\/ax-images.b-cdn.net\/uploads\/2025\/06\/1-800x800.jpg 800w, https:\/\/ax-images.b-cdn.net\/uploads\/2025\/06\/1-300x300.jpg 300w, https:\/\/ax-images.b-cdn.net\/uploads\/2025\/06\/1-1024x1024.jpg 1024w, https:\/\/ax-images.b-cdn.net\/uploads\/2025\/06\/1-150x150.jpg 150w, https:\/\/ax-images.b-cdn.net\/uploads\/2025\/06\/1-768x768.jpg 768w, https:\/\/ax-images.b-cdn.net\/uploads\/2025\/06\/1-50x50.jpg 50w, https:\/\/ax-images.b-cdn.net\/uploads\/2025\/06\/1.jpg 1200w\" data-src=\"https:\/\/ax-images.b-cdn.net\/uploads\/2025\/06\/1-800x800.jpg\" alt=\"The Feed of the Future can be Grown in Containers\">\n    \n    <h4 class=\"spotlight__title \">\n      \n      The Feed of the Future can be Grown in Containers\n\n    <\/h4>\n  <\/a>\n\n      <p class=\"spotlight__date small\">2025-06-23<\/p>\n  \n  \n  \n<\/div>\n            <\/li>\n                      <li class=\"slider__item spotlight spotlight--small\">\n              <div class=\"spotlight__content  \">\n  <a href=\"https:\/\/www.axfoundation.se\/en\/news\/seaweed-a-hidden-resource-beneath-the-surface\">\n          <img decoding=\"async\" src=\"https:\/\/ax-images.b-cdn.net\/uploads\/2025\/05\/Sockertang_Narbild_1080x1080_Nordic_SeaFarm-50x50.jpg\" data-srcset=\"https:\/\/ax-images.b-cdn.net\/uploads\/2025\/05\/Sockertang_Narbild_1080x1080_Nordic_SeaFarm-800x800.jpg 800w, https:\/\/ax-images.b-cdn.net\/uploads\/2025\/05\/Sockertang_Narbild_1080x1080_Nordic_SeaFarm-300x300.jpg 300w, https:\/\/ax-images.b-cdn.net\/uploads\/2025\/05\/Sockertang_Narbild_1080x1080_Nordic_SeaFarm-1024x1024.jpg 1024w, https:\/\/ax-images.b-cdn.net\/uploads\/2025\/05\/Sockertang_Narbild_1080x1080_Nordic_SeaFarm-150x150.jpg 150w, https:\/\/ax-images.b-cdn.net\/uploads\/2025\/05\/Sockertang_Narbild_1080x1080_Nordic_SeaFarm-768x768.jpg 768w, https:\/\/ax-images.b-cdn.net\/uploads\/2025\/05\/Sockertang_Narbild_1080x1080_Nordic_SeaFarm-50x50.jpg 50w, https:\/\/ax-images.b-cdn.net\/uploads\/2025\/05\/Sockertang_Narbild_1080x1080_Nordic_SeaFarm.jpg 1365w\" data-src=\"https:\/\/ax-images.b-cdn.net\/uploads\/2025\/05\/Sockertang_Narbild_1080x1080_Nordic_SeaFarm-800x800.jpg\" alt=\"Seaweed: A Hidden Resource Beneath the Surface\">\n    \n    <h4 class=\"spotlight__title \">\n      \n      Seaweed: A Hidden Resource Beneath the Surface\n\n    <\/h4>\n  <\/a>\n\n      <p class=\"spotlight__date small\">2025-05-19<\/p>\n  \n  \n  \n<\/div>\n            <\/li>\n                      <li class=\"slider__item spotlight spotlight--small\">\n              <div class=\"spotlight__content  \">\n  <a href=\"https:\/\/www.axfoundation.se\/en\/news\/blue-food-center-for-the-seafood-of-the-future\">\n          <img decoding=\"async\" src=\"https:\/\/ax-images.b-cdn.net\/uploads\/2025\/05\/Blamat-Axfoundation-1x1-1-50x50.png\" data-srcset=\"https:\/\/ax-images.b-cdn.net\/uploads\/2025\/05\/Blamat-Axfoundation-1x1-1-800x800.png 800w, https:\/\/ax-images.b-cdn.net\/uploads\/2025\/05\/Blamat-Axfoundation-1x1-1-300x300.png 300w, https:\/\/ax-images.b-cdn.net\/uploads\/2025\/05\/Blamat-Axfoundation-1x1-1-1024x1024.png 1024w, https:\/\/ax-images.b-cdn.net\/uploads\/2025\/05\/Blamat-Axfoundation-1x1-1-150x150.png 150w, https:\/\/ax-images.b-cdn.net\/uploads\/2025\/05\/Blamat-Axfoundation-1x1-1-768x768.png 768w, https:\/\/ax-images.b-cdn.net\/uploads\/2025\/05\/Blamat-Axfoundation-1x1-1-50x50.png 50w, https:\/\/ax-images.b-cdn.net\/uploads\/2025\/05\/Blamat-Axfoundation-1x1-1.png 1080w\" data-src=\"https:\/\/ax-images.b-cdn.net\/uploads\/2025\/05\/Blamat-Axfoundation-1x1-1-800x800.png\" alt=\"Blue Food \u2013 Center for the Seafood of the Future\">\n    \n    <h4 class=\"spotlight__title \">\n      \n      Blue Food \u2013 Center for the Seafood of the Future\n\n    <\/h4>\n  <\/a>\n\n      <p class=\"spotlight__date small\">2025-05-19<\/p>\n  \n  \n  \n<\/div>\n            <\/li>\n                      <li class=\"slider__item spotlight spotlight--small\">\n              <div class=\"spotlight__content  \">\n  <a href=\"https:\/\/www.axfoundation.se\/en\/news\/can-pfas-save-the-baltic-sea\">\n          <img decoding=\"async\" src=\"https:\/\/ax-images.b-cdn.net\/uploads\/2025\/04\/Christian-spaning-PFAs-agg-ENG-1080x1080-1-50x50.jpg\" data-srcset=\"https:\/\/ax-images.b-cdn.net\/uploads\/2025\/04\/Christian-spaning-PFAs-agg-ENG-1080x1080-1-800x800.jpg 800w, https:\/\/ax-images.b-cdn.net\/uploads\/2025\/04\/Christian-spaning-PFAs-agg-ENG-1080x1080-1-300x300.jpg 300w, https:\/\/ax-images.b-cdn.net\/uploads\/2025\/04\/Christian-spaning-PFAs-agg-ENG-1080x1080-1-1024x1024.jpg 1024w, https:\/\/ax-images.b-cdn.net\/uploads\/2025\/04\/Christian-spaning-PFAs-agg-ENG-1080x1080-1-150x150.jpg 150w, https:\/\/ax-images.b-cdn.net\/uploads\/2025\/04\/Christian-spaning-PFAs-agg-ENG-1080x1080-1-768x768.jpg 768w, https:\/\/ax-images.b-cdn.net\/uploads\/2025\/04\/Christian-spaning-PFAs-agg-ENG-1080x1080-1-50x50.jpg 50w, https:\/\/ax-images.b-cdn.net\/uploads\/2025\/04\/Christian-spaning-PFAs-agg-ENG-1080x1080-1.jpg 1080w\" data-src=\"https:\/\/ax-images.b-cdn.net\/uploads\/2025\/04\/Christian-spaning-PFAs-agg-ENG-1080x1080-1-800x800.jpg\" alt=\"Can PFAS Save the Baltic Sea?\">\n    \n    <h4 class=\"spotlight__title \">\n      \n      Can PFAS Save the Baltic Sea?\n\n    <\/h4>\n  <\/a>\n\n      <p class=\"spotlight__date small\">2025-04-22<\/p>\n  \n  \n  \n<\/div>\n            <\/li>\n                      <li class=\"slider__item spotlight spotlight--small\">\n              <div class=\"spotlight__content  \">\n  <a href=\"https:\/\/www.axfoundation.se\/en\/news\/swedish-legumes-nutritious-affordable-and-delicious\">\n          <img decoding=\"async\" src=\"https:\/\/ax-images.b-cdn.net\/uploads\/2025\/03\/b0d24d463db00a97_org-50x50.jpg\" data-srcset=\"https:\/\/ax-images.b-cdn.net\/uploads\/2025\/03\/b0d24d463db00a97_org-800x800.jpg 800w, https:\/\/ax-images.b-cdn.net\/uploads\/2025\/03\/b0d24d463db00a97_org-150x150.jpg 150w, https:\/\/ax-images.b-cdn.net\/uploads\/2025\/03\/b0d24d463db00a97_org-50x50.jpg 50w\" data-src=\"https:\/\/ax-images.b-cdn.net\/uploads\/2025\/03\/b0d24d463db00a97_org-800x800.jpg\" alt=\"Swedish Legumes: Nutritious, Affordable \u2013 and Delicious\">\n    \n    <h4 class=\"spotlight__title \">\n      \n      Swedish Legumes: Nutritious, Affordable \u2013 and Delicious\n\n    <\/h4>\n  <\/a>\n\n      <p class=\"spotlight__date small\">2025-03-19<\/p>\n  \n  \n  \n<\/div>\n            <\/li>\n                      <li class=\"slider__item spotlight spotlight--small\">\n              <div class=\"spotlight__content  \">\n  <a href=\"https:\/\/www.axfoundation.se\/en\/news\/more-of-the-plant-should-become-food\">\n          <img decoding=\"async\" src=\"https:\/\/ax-images.b-cdn.net\/uploads\/2025\/02\/Svinn-i-falt-1080x1080-2-50x50.jpg\" data-srcset=\"https:\/\/ax-images.b-cdn.net\/uploads\/2025\/02\/Svinn-i-falt-1080x1080-2-800x800.jpg 800w, https:\/\/ax-images.b-cdn.net\/uploads\/2025\/02\/Svinn-i-falt-1080x1080-2-300x300.jpg 300w, https:\/\/ax-images.b-cdn.net\/uploads\/2025\/02\/Svinn-i-falt-1080x1080-2-1024x1024.jpg 1024w, https:\/\/ax-images.b-cdn.net\/uploads\/2025\/02\/Svinn-i-falt-1080x1080-2-150x150.jpg 150w, https:\/\/ax-images.b-cdn.net\/uploads\/2025\/02\/Svinn-i-falt-1080x1080-2-768x768.jpg 768w, https:\/\/ax-images.b-cdn.net\/uploads\/2025\/02\/Svinn-i-falt-1080x1080-2-50x50.jpg 50w, https:\/\/ax-images.b-cdn.net\/uploads\/2025\/02\/Svinn-i-falt-1080x1080-2.jpg 1299w\" data-src=\"https:\/\/ax-images.b-cdn.net\/uploads\/2025\/02\/Svinn-i-falt-1080x1080-2-800x800.jpg\" alt=\"More of the Plant Should Become Food\">\n    \n    <h4 class=\"spotlight__title \">\n      \n      More of the Plant Should Become Food\n\n    <\/h4>\n  <\/a>\n\n      <p class=\"spotlight__date small\">2025-02-24<\/p>\n  \n  \n  \n<\/div>\n            <\/li>\n                      <li class=\"slider__item spotlight spotlight--small\">\n              <div class=\"spotlight__content  \">\n  <a href=\"https:\/\/www.axfoundation.se\/en\/news\/plate-and-plenty-new-centers-to-strengthen-swedens-food-system\">\n          <img decoding=\"async\" src=\"https:\/\/ax-images.b-cdn.net\/uploads\/2025\/02\/Kickoff-PLATE-18-50x50.jpg\" data-srcset=\"https:\/\/ax-images.b-cdn.net\/uploads\/2025\/02\/Kickoff-PLATE-18-800x800.jpg 800w, https:\/\/ax-images.b-cdn.net\/uploads\/2025\/02\/Kickoff-PLATE-18-300x300.jpg 300w, https:\/\/ax-images.b-cdn.net\/uploads\/2025\/02\/Kickoff-PLATE-18-1024x1024.jpg 1024w, https:\/\/ax-images.b-cdn.net\/uploads\/2025\/02\/Kickoff-PLATE-18-150x150.jpg 150w, https:\/\/ax-images.b-cdn.net\/uploads\/2025\/02\/Kickoff-PLATE-18-768x768.jpg 768w, https:\/\/ax-images.b-cdn.net\/uploads\/2025\/02\/Kickoff-PLATE-18-1536x1536.jpg 1536w, https:\/\/ax-images.b-cdn.net\/uploads\/2025\/02\/Kickoff-PLATE-18-50x50.jpg 50w, https:\/\/ax-images.b-cdn.net\/uploads\/2025\/02\/Kickoff-PLATE-18.jpg 1648w\" data-src=\"https:\/\/ax-images.b-cdn.net\/uploads\/2025\/02\/Kickoff-PLATE-18-800x800.jpg\" alt=\"PLATE and PLENTY \u2013 New Centers to Strengthen Sweden\u2019s Food System\">\n    \n    <h4 class=\"spotlight__title \">\n      \n      PLATE and PLENTY \u2013 New Centers to Strengthen Sweden\u2019s Food System\n\n    <\/h4>\n  <\/a>\n\n      <p class=\"spotlight__date small\">2025-02-18<\/p>\n  \n  \n  \n<\/div>\n            <\/li>\n                      <li class=\"slider__item spotlight spotlight--small\">\n              <div class=\"spotlight__content  \">\n  <a href=\"https:\/\/www.axfoundation.se\/en\/news\/a-scoop-of-soil-how-important-can-it-be\">\n          <img decoding=\"async\" src=\"https:\/\/ax-images.b-cdn.net\/uploads\/2024\/12\/Insigts-webb-ENG-50x50.png\" data-srcset=\"https:\/\/ax-images.b-cdn.net\/uploads\/2024\/12\/Insigts-webb-ENG-800x800.png 800w, https:\/\/ax-images.b-cdn.net\/uploads\/2024\/12\/Insigts-webb-ENG-300x300.png 300w, https:\/\/ax-images.b-cdn.net\/uploads\/2024\/12\/Insigts-webb-ENG-1024x1024.png 1024w, https:\/\/ax-images.b-cdn.net\/uploads\/2024\/12\/Insigts-webb-ENG-150x150.png 150w, https:\/\/ax-images.b-cdn.net\/uploads\/2024\/12\/Insigts-webb-ENG-768x768.png 768w, https:\/\/ax-images.b-cdn.net\/uploads\/2024\/12\/Insigts-webb-ENG-50x50.png 50w, https:\/\/ax-images.b-cdn.net\/uploads\/2024\/12\/Insigts-webb-ENG.png 1080w\" data-src=\"https:\/\/ax-images.b-cdn.net\/uploads\/2024\/12\/Insigts-webb-ENG-800x800.png\" alt=\"A Scoop of Soil \u2013 How Important Can It Be?\">\n    \n    <h4 class=\"spotlight__title \">\n      \n      A Scoop of Soil \u2013 How Important Can It Be?\n\n    <\/h4>\n  <\/a>\n\n      <p class=\"spotlight__date small\">2024-12-15<\/p>\n  \n  \n  \n<\/div>\n            <\/li>\n                  <\/ul>\n          <\/div>\n  <\/section>\n","protected":false},"excerpt":{"rendered":"","protected":false},"author":31,"featured_media":43860,"parent":0,"menu_order":0,"comment_status":"closed","ping_status":"closed","template":"","meta":{"_acf_changed":false,"footnotes":""},"acf":[],"yoast_head":"<!-- This site is optimized with the Yoast SEO Premium plugin v24.5 (Yoast SEO v24.5) - https:\/\/yoast.com\/wordpress\/plugins\/seo\/ -->\n<title>The Antibiotic Dialogue - Axfoundation<\/title>\n<meta name=\"description\" content=\"Axfoundation has initiated the Antibiotic Dialogue to increase awareness and collaboration on the topic of antibiotic resistance.\" \/>\n<meta name=\"robots\" content=\"index, follow, max-snippet:-1, max-image-preview:large, max-video-preview:-1\" \/>\n<link rel=\"canonical\" href=\"https:\/\/www.axfoundation.se\/en\/the-antibiotic-dialogue\" \/>\n<meta property=\"og:locale\" content=\"en_US\" \/>\n<meta property=\"og:type\" content=\"article\" \/>\n<meta property=\"og:title\" content=\"The Antibiotic Dialogue\" \/>\n<meta property=\"og:description\" content=\"Axfoundation has initiated the Antibiotic Dialogue to increase awareness and collaboration on the topic of antibiotic resistance.\" \/>\n<meta property=\"og:url\" content=\"https:\/\/www.axfoundation.se\/en\/the-antibiotic-dialogue\" \/>\n<meta property=\"og:site_name\" content=\"Axfoundation\" \/>\n<meta property=\"article:publisher\" content=\"https:\/\/www.facebook.com\/Axfoundation\/\" \/>\n<meta property=\"article:modified_time\" content=\"2024-02-26T14:23:19+00:00\" \/>\n<meta property=\"og:image\" content=\"https:\/\/ax-images.b-cdn.net\/uploads\/2024\/02\/Antibiotikadialogen_1440x960.jpg\" \/>\n\t<meta property=\"og:image:width\" content=\"1440\" \/>\n\t<meta property=\"og:image:height\" content=\"960\" \/>\n\t<meta property=\"og:image:type\" content=\"image\/jpeg\" \/>\n<meta name=\"twitter:card\" content=\"summary_large_image\" \/>\n<meta name=\"twitter:description\" content=\"Axfoundation has initiated the Antibiotic Dialogue to increase awareness and collaboration on the topic of antibiotic resistance.\" \/>\n<meta name=\"twitter:site\" content=\"@axfoundation\" \/>\n<script type=\"application\/ld+json\" class=\"yoast-schema-graph\">{\"@context\":\"https:\/\/schema.org\",\"@graph\":[{\"@type\":\"WebPage\",\"@id\":\"https:\/\/www.axfoundation.se\/en\/the-antibiotic-dialogue\",\"url\":\"https:\/\/www.axfoundation.se\/en\/the-antibiotic-dialogue\",\"name\":\"The Antibiotic Dialogue - Axfoundation\",\"isPartOf\":{\"@id\":\"https:\/\/www.axfoundation.se\/#website\"},\"primaryImageOfPage\":{\"@id\":\"https:\/\/www.axfoundation.se\/en\/the-antibiotic-dialogue#primaryimage\"},\"image\":{\"@id\":\"https:\/\/www.axfoundation.se\/en\/the-antibiotic-dialogue#primaryimage\"},\"thumbnailUrl\":\"https:\/\/ax-images.b-cdn.net\/uploads\/2024\/02\/Antibiotikadialogen_1080x1080.jpg\",\"datePublished\":\"2024-02-26T14:23:18+00:00\",\"dateModified\":\"2024-02-26T14:23:19+00:00\",\"description\":\"Axfoundation has initiated the Antibiotic Dialogue to increase awareness and collaboration on the topic of antibiotic resistance.\",\"breadcrumb\":{\"@id\":\"https:\/\/www.axfoundation.se\/en\/the-antibiotic-dialogue#breadcrumb\"},\"inLanguage\":\"en-US\",\"potentialAction\":[{\"@type\":\"ReadAction\",\"target\":[\"https:\/\/www.axfoundation.se\/en\/the-antibiotic-dialogue\"]}]},{\"@type\":\"ImageObject\",\"inLanguage\":\"en-US\",\"@id\":\"https:\/\/www.axfoundation.se\/en\/the-antibiotic-dialogue#primaryimage\",\"url\":\"https:\/\/ax-images.b-cdn.net\/uploads\/2024\/02\/Antibiotikadialogen_1080x1080.jpg\",\"contentUrl\":\"https:\/\/ax-images.b-cdn.net\/uploads\/2024\/02\/Antibiotikadialogen_1080x1080.jpg\",\"width\":960,\"height\":960,\"caption\":\"Antibiotikadialogen - Axfoundation\"},{\"@type\":\"BreadcrumbList\",\"@id\":\"https:\/\/www.axfoundation.se\/en\/the-antibiotic-dialogue#breadcrumb\",\"itemListElement\":[{\"@type\":\"ListItem\",\"position\":1,\"name\":\"Home\",\"item\":\"https:\/\/www.axfoundation.se\/en\"},{\"@type\":\"ListItem\",\"position\":2,\"name\":\"The Antibiotic Dialogue\"}]},{\"@type\":\"WebSite\",\"@id\":\"https:\/\/www.axfoundation.se\/#website\",\"url\":\"https:\/\/www.axfoundation.se\/\",\"name\":\"Axfoundation\",\"description\":\"Axfoundation for Sustainable Development\",\"publisher\":{\"@id\":\"https:\/\/www.axfoundation.se\/#organization\"},\"potentialAction\":[{\"@type\":\"SearchAction\",\"target\":{\"@type\":\"EntryPoint\",\"urlTemplate\":\"https:\/\/www.axfoundation.se\/?s={search_term_string}\"},\"query-input\":{\"@type\":\"PropertyValueSpecification\",\"valueRequired\":true,\"valueName\":\"search_term_string\"}}],\"inLanguage\":\"en-US\"},{\"@type\":\"Organization\",\"@id\":\"https:\/\/www.axfoundation.se\/#organization\",\"name\":\"Axfoundation\",\"url\":\"https:\/\/www.axfoundation.se\/\",\"logo\":{\"@type\":\"ImageObject\",\"inLanguage\":\"en-US\",\"@id\":\"https:\/\/www.axfoundation.se\/#\/schema\/logo\/image\/\",\"url\":\"https:\/\/ax-images.b-cdn.net\/uploads\/2019\/10\/ax_logo_verk_pos.jpg\",\"contentUrl\":\"https:\/\/ax-images.b-cdn.net\/uploads\/2019\/10\/ax_logo_verk_pos.jpg\",\"width\":889,\"height\":507,\"caption\":\"Axfoundation\"},\"image\":{\"@id\":\"https:\/\/www.axfoundation.se\/#\/schema\/logo\/image\/\"},\"sameAs\":[\"https:\/\/www.facebook.com\/Axfoundation\/\",\"https:\/\/x.com\/axfoundation\",\"https:\/\/www.instagram.com\/axfoundation\/\",\"https:\/\/www.linkedin.com\/company\/axfoundation\",\"http:\/\/youtube.com\/axfoundation\"]}]}<\/script>\n<!-- \/ Yoast SEO Premium plugin. -->","yoast_head_json":{"title":"The Antibiotic Dialogue - Axfoundation","description":"Axfoundation has initiated the Antibiotic Dialogue to increase awareness and collaboration on the topic of antibiotic resistance.","robots":{"index":"index","follow":"follow","max-snippet":"max-snippet:-1","max-image-preview":"max-image-preview:large","max-video-preview":"max-video-preview:-1"},"canonical":"https:\/\/www.axfoundation.se\/en\/the-antibiotic-dialogue","og_locale":"en_US","og_type":"article","og_title":"The Antibiotic Dialogue","og_description":"Axfoundation has initiated the Antibiotic Dialogue to increase awareness and collaboration on the topic of antibiotic resistance.","og_url":"https:\/\/www.axfoundation.se\/en\/the-antibiotic-dialogue","og_site_name":"Axfoundation","article_publisher":"https:\/\/www.facebook.com\/Axfoundation\/","article_modified_time":"2024-02-26T14:23:19+00:00","og_image":[{"width":1440,"height":960,"url":"https:\/\/ax-images.b-cdn.net\/uploads\/2024\/02\/Antibiotikadialogen_1440x960.jpg","type":"image\/jpeg"}],"twitter_card":"summary_large_image","twitter_description":"Axfoundation has initiated the Antibiotic Dialogue to increase awareness and collaboration on the topic of antibiotic resistance.","twitter_site":"@axfoundation","schema":{"@context":"https:\/\/schema.org","@graph":[{"@type":"WebPage","@id":"https:\/\/www.axfoundation.se\/en\/the-antibiotic-dialogue","url":"https:\/\/www.axfoundation.se\/en\/the-antibiotic-dialogue","name":"The Antibiotic Dialogue - Axfoundation","isPartOf":{"@id":"https:\/\/www.axfoundation.se\/#website"},"primaryImageOfPage":{"@id":"https:\/\/www.axfoundation.se\/en\/the-antibiotic-dialogue#primaryimage"},"image":{"@id":"https:\/\/www.axfoundation.se\/en\/the-antibiotic-dialogue#primaryimage"},"thumbnailUrl":"https:\/\/ax-images.b-cdn.net\/uploads\/2024\/02\/Antibiotikadialogen_1080x1080.jpg","datePublished":"2024-02-26T14:23:18+00:00","dateModified":"2024-02-26T14:23:19+00:00","description":"Axfoundation has initiated the Antibiotic Dialogue to increase awareness and collaboration on the topic of antibiotic resistance.","breadcrumb":{"@id":"https:\/\/www.axfoundation.se\/en\/the-antibiotic-dialogue#breadcrumb"},"inLanguage":"en-US","potentialAction":[{"@type":"ReadAction","target":["https:\/\/www.axfoundation.se\/en\/the-antibiotic-dialogue"]}]},{"@type":"ImageObject","inLanguage":"en-US","@id":"https:\/\/www.axfoundation.se\/en\/the-antibiotic-dialogue#primaryimage","url":"https:\/\/ax-images.b-cdn.net\/uploads\/2024\/02\/Antibiotikadialogen_1080x1080.jpg","contentUrl":"https:\/\/ax-images.b-cdn.net\/uploads\/2024\/02\/Antibiotikadialogen_1080x1080.jpg","width":960,"height":960,"caption":"Antibiotikadialogen - Axfoundation"},{"@type":"BreadcrumbList","@id":"https:\/\/www.axfoundation.se\/en\/the-antibiotic-dialogue#breadcrumb","itemListElement":[{"@type":"ListItem","position":1,"name":"Home","item":"https:\/\/www.axfoundation.se\/en"},{"@type":"ListItem","position":2,"name":"The Antibiotic Dialogue"}]},{"@type":"WebSite","@id":"https:\/\/www.axfoundation.se\/#website","url":"https:\/\/www.axfoundation.se\/","name":"Axfoundation","description":"Axfoundation for Sustainable Development","publisher":{"@id":"https:\/\/www.axfoundation.se\/#organization"},"potentialAction":[{"@type":"SearchAction","target":{"@type":"EntryPoint","urlTemplate":"https:\/\/www.axfoundation.se\/?s={search_term_string}"},"query-input":{"@type":"PropertyValueSpecification","valueRequired":true,"valueName":"search_term_string"}}],"inLanguage":"en-US"},{"@type":"Organization","@id":"https:\/\/www.axfoundation.se\/#organization","name":"Axfoundation","url":"https:\/\/www.axfoundation.se\/","logo":{"@type":"ImageObject","inLanguage":"en-US","@id":"https:\/\/www.axfoundation.se\/#\/schema\/logo\/image\/","url":"https:\/\/ax-images.b-cdn.net\/uploads\/2019\/10\/ax_logo_verk_pos.jpg","contentUrl":"https:\/\/ax-images.b-cdn.net\/uploads\/2019\/10\/ax_logo_verk_pos.jpg","width":889,"height":507,"caption":"Axfoundation"},"image":{"@id":"https:\/\/www.axfoundation.se\/#\/schema\/logo\/image\/"},"sameAs":["https:\/\/www.facebook.com\/Axfoundation\/","https:\/\/x.com\/axfoundation","https:\/\/www.instagram.com\/axfoundation\/","https:\/\/www.linkedin.com\/company\/axfoundation","http:\/\/youtube.com\/axfoundation"]}]}},"_links":{"self":[{"href":"https:\/\/www.axfoundation.se\/en\/wp-json\/wp\/v2\/pages\/43882"}],"collection":[{"href":"https:\/\/www.axfoundation.se\/en\/wp-json\/wp\/v2\/pages"}],"about":[{"href":"https:\/\/www.axfoundation.se\/en\/wp-json\/wp\/v2\/types\/page"}],"author":[{"embeddable":true,"href":"https:\/\/www.axfoundation.se\/en\/wp-json\/wp\/v2\/users\/31"}],"replies":[{"embeddable":true,"href":"https:\/\/www.axfoundation.se\/en\/wp-json\/wp\/v2\/comments?post=43882"}],"version-history":[{"count":10,"href":"https:\/\/www.axfoundation.se\/en\/wp-json\/wp\/v2\/pages\/43882\/revisions"}],"predecessor-version":[{"id":43893,"href":"https:\/\/www.axfoundation.se\/en\/wp-json\/wp\/v2\/pages\/43882\/revisions\/43893"}],"wp:featuredmedia":[{"embeddable":true,"href":"https:\/\/www.axfoundation.se\/en\/wp-json\/wp\/v2\/media\/43860"}],"wp:attachment":[{"href":"https:\/\/www.axfoundation.se\/en\/wp-json\/wp\/v2\/media?parent=43882"}],"curies":[{"name":"wp","href":"https:\/\/api.w.org\/{rel}","templated":true}]}}